{"id":24254,"date":"2020-10-08T07:43:07","date_gmt":"2020-10-08T07:43:07","guid":{"rendered":"http:\/\/mundoambiente.eng.br\/?page_id=24254"},"modified":"2021-06-12T18:31:04","modified_gmt":"2021-06-12T18:31:04","slug":"all-courses","status":"publish","type":"page","link":"https:\/\/mundoambiente.eng.br\/?page_id=24254","title":{"rendered":"Servi\u00e7os"},"content":{"rendered":"\t\t<div data-elementor-type=\"wp-page\" data-elementor-id=\"24254\" class=\"elementor elementor-24254\">\n\t\t\t\t\t\t<section class=\"elementor-section elementor-top-section elementor-element elementor-element-ehdq5b5 elementor-section-content-top elementor-section-full_width elementor-section-height-default elementor-section-height-default\" data-id=\"ehdq5b5\" data-element_type=\"section\" data-settings=\"{&quot;background_background&quot;:&quot;classic&quot;}\">\n\t\t\t\t\t\t\t<div class=\"elementor-background-overlay\"><\/div>\n\t\t\t\t\t\t\t<div class=\"elementor-container elementor-column-gap-no\">\n\t\t\t\t\t<div class=\"elementor-column elementor-col-100 elementor-top-column elementor-element elementor-element-2164f5c\" data-id=\"2164f5c\" data-element_type=\"column\">\n\t\t\t<div class=\"elementor-widget-wrap elementor-element-populated\">\n\t\t\t\t\t\t<div class=\"elementor-element elementor-element-f367f34 elementor-widget elementor-widget-menu-anchor\" data-id=\"f367f34\" data-element_type=\"widget\" data-widget_type=\"menu-anchor.default\">\n\t\t\t\t<div class=\"elementor-widget-container\">\n\t\t\t\t\t\t\t<div class=\"elementor-menu-anchor\" id=\"ma\"><\/div>\n\t\t\t\t\t\t<\/div>\n\t\t\t\t<\/div>\n\t\t\t\t<div class=\"elementor-element elementor-element-075556d elementor-widget elementor-widget-heading\" data-id=\"075556d\" data-element_type=\"widget\" data-widget_type=\"heading.default\">\n\t\t\t\t<div class=\"elementor-widget-container\">\n\t\t\t\t\t<h2 class=\"elementor-heading-title elementor-size-default\">Meio Ambiente<\/h2>\t\t\t\t<\/div>\n\t\t\t\t<\/div>\n\t\t\t\t<section class=\"elementor-section elementor-inner-section elementor-element elementor-element-08aa4c5 elementor-section-full_width elementor-section-height-default elementor-section-height-default\" data-id=\"08aa4c5\" data-element_type=\"section\">\n\t\t\t\t\t\t<div class=\"elementor-container elementor-column-gap-default\">\n\t\t\t\t\t<div class=\"elementor-column elementor-col-50 elementor-inner-column elementor-element elementor-element-cca2678\" data-id=\"cca2678\" data-element_type=\"column\">\n\t\t\t<div class=\"elementor-widget-wrap elementor-element-populated\">\n\t\t\t\t\t\t<div class=\"elementor-element elementor-element-8fd3b89 elementor-widget elementor-widget-accordion\" data-id=\"8fd3b89\" data-element_type=\"widget\" data-widget_type=\"accordion.default\">\n\t\t\t\t<div class=\"elementor-widget-container\">\n\t\t\t\t\t\t\t<div class=\"elementor-accordion\">\n\t\t\t\t\t\t\t<div class=\"elementor-accordion-item\">\n\t\t\t\t\t<div id=\"elementor-tab-title-1501\" class=\"elementor-tab-title\" data-tab=\"1\" role=\"button\" aria-controls=\"elementor-tab-content-1501\" aria-expanded=\"false\">\n\t\t\t\t\t\t\t\t\t\t\t\t\t<span class=\"elementor-accordion-icon elementor-accordion-icon-right\" aria-hidden=\"true\">\n\t\t\t\t\t\t\t\t\t\t\t\t\t\t\t<span class=\"elementor-accordion-icon-closed\"><i class=\"fas fa-caret-left\"><\/i><\/span>\n\t\t\t\t\t\t\t\t<span class=\"elementor-accordion-icon-opened\"><\/span>\n\t\t\t\t\t\t\t\t\t\t\t\t\t\t<\/span>\n\t\t\t\t\t\t\t\t\t\t\t\t<a class=\"elementor-accordion-title\" tabindex=\"0\"><\/a>\n\t\t\t\t\t<\/div>\n\t\t\t\t\t<div id=\"elementor-tab-content-1501\" class=\"elementor-tab-content elementor-clearfix\" data-tab=\"1\" role=\"region\" aria-labelledby=\"elementor-tab-title-1501\"><\/div>\n\t\t\t\t<\/div>\n\t\t\t\t\t\t\t<div class=\"elementor-accordion-item\">\n\t\t\t\t\t<div id=\"elementor-tab-title-1502\" class=\"elementor-tab-title\" data-tab=\"2\" role=\"button\" aria-controls=\"elementor-tab-content-1502\" aria-expanded=\"false\">\n\t\t\t\t\t\t\t\t\t\t\t\t\t<span class=\"elementor-accordion-icon elementor-accordion-icon-right\" aria-hidden=\"true\">\n\t\t\t\t\t\t\t\t\t\t\t\t\t\t\t<span class=\"elementor-accordion-icon-closed\"><i class=\"fas fa-caret-left\"><\/i><\/span>\n\t\t\t\t\t\t\t\t<span class=\"elementor-accordion-icon-opened\"><\/span>\n\t\t\t\t\t\t\t\t\t\t\t\t\t\t<\/span>\n\t\t\t\t\t\t\t\t\t\t\t\t<a class=\"elementor-accordion-title\" tabindex=\"0\">An\u00e1lise Preliminar de Risco (APR)<\/a>\n\t\t\t\t\t<\/div>\n\t\t\t\t\t<div id=\"elementor-tab-content-1502\" class=\"elementor-tab-content elementor-clearfix\" data-tab=\"2\" role=\"region\" aria-labelledby=\"elementor-tab-title-1502\"><p>A utiliza\u00e7\u00e3o da An\u00e1lise de Riscos, em atividades industriais ou n\u00e3o, tem como objetivo minimizar o potencial de ocorr\u00eancia de acidentes, utilizando t\u00e9cnicas de preven\u00e7\u00e3o e\/ou de prote\u00e7\u00e3o.<\/p><p>Com o desenvolvimento da era industrial p\u00f3s-guerra e, principalmente, das ind\u00fastrias qu\u00edmicas e petroqu\u00edmicas, os potenciais de risco presentes em qualquer atividade industrial, sem d\u00favida nenhuma, aumentaram. Esses potenciais de risco aumentaram devido a natureza dos produtos qu\u00edmicos utilizados, bem como pela sofistica\u00e7\u00e3o dos processos operacionais empregados, como por exemplo: press\u00f5es e temperaturas elevadas.<\/p><p>Com o objetivo de apresentar os principais conceitos da metodologia de an\u00e1lise de risco para aplica\u00e7\u00e3o dessas t\u00e9cnicas, o trabalho normalmente \u00e9 subdividido em cinco partes:<br \/>defini\u00e7\u00f5es e conceitos;<br \/>identifica\u00e7\u00e3o de perigos;<br \/>estimativa de freq\u00fc\u00eancias de ocorr\u00eancias de falhas;<br \/>estudo de conseq\u00fc\u00eancias\/vulnerabilidade;<br \/>avalia\u00e7\u00e3o de riscos e crit\u00e9rios de aceitabilidade.<\/p><p>A an\u00e1lise preliminar de risco avalia preliminarmente os riscos presentes na atividade ou a ela relacionados, desenvolvendo os poss\u00edveis cen\u00e1rios de acidente sob os aspectos de freq\u00fc\u00eancia e gravidade e efetuar a avalia\u00e7\u00e3o dos riscos conforme crit\u00e9rios de aceitabilidade.<\/p><\/div>\n\t\t\t\t<\/div>\n\t\t\t\t\t\t\t<div class=\"elementor-accordion-item\">\n\t\t\t\t\t<div id=\"elementor-tab-title-1503\" class=\"elementor-tab-title\" data-tab=\"3\" role=\"button\" aria-controls=\"elementor-tab-content-1503\" aria-expanded=\"false\">\n\t\t\t\t\t\t\t\t\t\t\t\t\t<span class=\"elementor-accordion-icon elementor-accordion-icon-right\" aria-hidden=\"true\">\n\t\t\t\t\t\t\t\t\t\t\t\t\t\t\t<span class=\"elementor-accordion-icon-closed\"><i class=\"fas fa-caret-left\"><\/i><\/span>\n\t\t\t\t\t\t\t\t<span class=\"elementor-accordion-icon-opened\"><\/span>\n\t\t\t\t\t\t\t\t\t\t\t\t\t\t<\/span>\n\t\t\t\t\t\t\t\t\t\t\t\t<a class=\"elementor-accordion-title\" tabindex=\"0\">Assessoria Ambiental<\/a>\n\t\t\t\t\t<\/div>\n\t\t\t\t\t<div id=\"elementor-tab-content-1503\" class=\"elementor-tab-content elementor-clearfix\" data-tab=\"3\" role=\"region\" aria-labelledby=\"elementor-tab-title-1503\"><p>A gest\u00e3o ambiental sustent\u00e1vel garante a empresa aceita\u00e7\u00e3o no mercado em que atua, a boa rela\u00e7\u00e3o com a comunidade e uma imagem positiva diante das institui\u00e7\u00f5es financeiras e \u00f3rg\u00e3os fiscalizadores. A tend\u00eancia do mercado \u00e9 valorizar cada vez mais empresas que aplicam o conceito de sustentabilidade, com clientes cada vez mais exigentes.<\/p><p>A Mundo Ambiente, consoante com sua miss\u00e3o de oferecer solu\u00e7\u00f5es integradas em meio ambiente, possui uma equipe multisciplinar composta por especialistas aptos a atender todas as necessidades da empresa em termos de gest\u00e3o ambiental.<\/p><\/div>\n\t\t\t\t<\/div>\n\t\t\t\t\t\t\t<div class=\"elementor-accordion-item\">\n\t\t\t\t\t<div id=\"elementor-tab-title-1504\" class=\"elementor-tab-title\" data-tab=\"4\" role=\"button\" aria-controls=\"elementor-tab-content-1504\" aria-expanded=\"false\">\n\t\t\t\t\t\t\t\t\t\t\t\t\t<span class=\"elementor-accordion-icon elementor-accordion-icon-right\" aria-hidden=\"true\">\n\t\t\t\t\t\t\t\t\t\t\t\t\t\t\t<span class=\"elementor-accordion-icon-closed\"><i class=\"fas fa-caret-left\"><\/i><\/span>\n\t\t\t\t\t\t\t\t<span class=\"elementor-accordion-icon-opened\"><\/span>\n\t\t\t\t\t\t\t\t\t\t\t\t\t\t<\/span>\n\t\t\t\t\t\t\t\t\t\t\t\t<a class=\"elementor-accordion-title\" tabindex=\"0\">Assessoria t\u00e9cnica quanto ao cadastro do Ibama<\/a>\n\t\t\t\t\t<\/div>\n\t\t\t\t\t<div id=\"elementor-tab-content-1504\" class=\"elementor-tab-content elementor-clearfix\" data-tab=\"4\" role=\"region\" aria-labelledby=\"elementor-tab-title-1504\"><div class=\"entry\"><p>Prestamos assessoria quanto ao cadastramento de atividades que necessitam do Cadastro T\u00e9cnico Federal <br \/>CTF\/APP<br \/>Cadastro T\u00e9cnico Federal de Atividades Potencialmente Poluidoras e\/ou Utilizadoras de Recursos Ambientais (CTF\/APP). Este cadastro \u00e9 obrigat\u00f3rio de pessoas f\u00edsicas e jur\u00eddicas que realizam atividades pass\u00edveis de controle ambiental.<br \/>CTF\/AIDA<br \/>Cadastro T\u00e9cnico Federal de Atividades e Instrumentos de Defesa Ambiental (CTF\/AIDA) \u00e9 o registro obrigat\u00f3rio de pessoas f\u00edsicas e jur\u00eddicas que se dedicam \u00e0 consultoria t\u00e9cnica sobre problemas ecol\u00f3gicos e ambientais e \u00e0 ind\u00fastria e com\u00e9rcio de equipamentos, aparelhos e instrumentos destinados ao controle de atividades efetiva ou potencialmente poluidoras.<\/p><\/div><\/div>\n\t\t\t\t<\/div>\n\t\t\t\t\t\t\t<div class=\"elementor-accordion-item\">\n\t\t\t\t\t<div id=\"elementor-tab-title-1505\" class=\"elementor-tab-title\" data-tab=\"5\" role=\"button\" aria-controls=\"elementor-tab-content-1505\" aria-expanded=\"false\">\n\t\t\t\t\t\t\t\t\t\t\t\t\t<span class=\"elementor-accordion-icon elementor-accordion-icon-right\" aria-hidden=\"true\">\n\t\t\t\t\t\t\t\t\t\t\t\t\t\t\t<span class=\"elementor-accordion-icon-closed\"><i class=\"fas fa-caret-left\"><\/i><\/span>\n\t\t\t\t\t\t\t\t<span class=\"elementor-accordion-icon-opened\"><\/span>\n\t\t\t\t\t\t\t\t\t\t\t\t\t\t<\/span>\n\t\t\t\t\t\t\t\t\t\t\t\t<a class=\"elementor-accordion-title\" tabindex=\"0\">Educa\u00e7\u00e3o Ambiental<\/a>\n\t\t\t\t\t<\/div>\n\t\t\t\t\t<div id=\"elementor-tab-content-1505\" class=\"elementor-tab-content elementor-clearfix\" data-tab=\"5\" role=\"region\" aria-labelledby=\"elementor-tab-title-1505\"><p>A educa\u00e7\u00e3o ambiental \u00e9 processo permanente, no qual os indiv\u00edduos tomam consci\u00eancia do seu meio ambiente e adquirem conhecimentos, valores, habilidades, experi\u00eancias e determina\u00e7\u00e3o que os tornam aptos a agir \u2013 individual e coletivamente \u2013 e resolver problemas ambientais presentes e futuros (Minist\u00e9rio do Meio Ambiente e da Amaz\u00f4nia Legal &amp; IBAMA, 1993).<br \/>A Educa\u00e7\u00e3o Ambiental exerce um papel fundamental na forma\u00e7\u00e3o da consci\u00eancia ecol\u00f3gica, e deve abranger a popula\u00e7\u00e3o em todos os segmentos da sociedade, pois pequenas a\u00e7\u00f5es do cotidiano da popula\u00e7\u00e3o, at\u00e9 mesmo de grandes centros urbanos, influenciam e podem comprometer a qualidade ambiental. Esta consci\u00eancia ecol\u00f3gica \u00e9 constru\u00edda a partir da informa\u00e7\u00e3o e de questionamentos sobre os problemas ambientais, como a polui\u00e7\u00e3o da \u00e1gua e do ar, o desmatamento e a extin\u00e7\u00e3o de esp\u00e9cies, o efeito estufa, a utiliza\u00e7\u00e3o de agrot\u00f3xicos e a produ\u00e7\u00e3o excessiva de lixo pelas popula\u00e7\u00f5es.<br \/>A Educa\u00e7\u00e3o Ambiental \u00e9 trabalhada da seguinte forma:<\/p><ul><li>Elabora\u00e7\u00e3o e execu\u00e7\u00e3o de projetos;<\/li><li>Palestras e cursos;<\/li><li>Apresenta\u00e7\u00e3o em feiras, congressos e semin\u00e1rios;<\/li><li>Organiza\u00e7\u00e3o de eventos;<\/li><li>Treinamento nas \u00e1reas de atua\u00e7\u00e3o.<\/li><\/ul><p>Nosso foco s\u00e3o funcion\u00e1rios e colaboradores de empresas, condom\u00ednios, escolas e demais institui\u00e7\u00f5es, construindo um processo de conscientiza\u00e7\u00e3o e mudan\u00e7a de comportamento, para o resgate de valores em rela\u00e7\u00e3o \u00e0 conserva\u00e7\u00e3o ambiental e consequente melhoria da qualidade de vida dos envolvidos e da sociedade como um todo.<\/p><\/div>\n\t\t\t\t<\/div>\n\t\t\t\t\t\t\t<div class=\"elementor-accordion-item\">\n\t\t\t\t\t<div id=\"elementor-tab-title-1506\" class=\"elementor-tab-title\" data-tab=\"6\" role=\"button\" aria-controls=\"elementor-tab-content-1506\" aria-expanded=\"false\">\n\t\t\t\t\t\t\t\t\t\t\t\t\t<span class=\"elementor-accordion-icon elementor-accordion-icon-right\" aria-hidden=\"true\">\n\t\t\t\t\t\t\t\t\t\t\t\t\t\t\t<span class=\"elementor-accordion-icon-closed\"><i class=\"fas fa-caret-left\"><\/i><\/span>\n\t\t\t\t\t\t\t\t<span class=\"elementor-accordion-icon-opened\"><\/span>\n\t\t\t\t\t\t\t\t\t\t\t\t\t\t<\/span>\n\t\t\t\t\t\t\t\t\t\t\t\t<a class=\"elementor-accordion-title\" tabindex=\"0\">Estudo de Impactado de Vizinhan\u00e7a \u2013 EIV<\/a>\n\t\t\t\t\t<\/div>\n\t\t\t\t\t<div id=\"elementor-tab-content-1506\" class=\"elementor-tab-content elementor-clearfix\" data-tab=\"6\" role=\"region\" aria-labelledby=\"elementor-tab-title-1506\"><p>O presente EIV (Estudo de Impacto de Vizinhan\u00e7a) tem como objetivo a identifica\u00e7\u00e3o e an\u00e1lise dos impactos causados no meio.<br \/>Esse estudo \u00e9 de grande relev\u00e2ncia \u00e0s gest\u00f5es municipal, uma vez que o instrui e assegura da capacidade do meio urbano em comportar determinado empreendimento. Sua fun\u00e7\u00e3o fiscalizat\u00f3ria, de preven\u00e7\u00e3o e precau\u00e7\u00e3o \u00e9 caracter\u00edstica marcante, e garante a avalia\u00e7\u00e3o das obras e das atividades que possam, potencialmente, causar dano ao meio ambiente.<br \/>O Estudo de Impacto de Vizinhan\u00e7a \u00e9 executado de forma a contemplar os efeitos positivos e negativos do empreendimento quanto \u00e0 qualidade de vida da popula\u00e7\u00e3o residente na \u00e1rea e suas proximidades, incluindo as seguintes quest\u00f5es:<br \/>\uf0d8 adensamento populacional;<br \/>\uf0d8 equipamentos urbanos e comunit\u00e1rios;<br \/>\uf0d8 uso e ocupa\u00e7\u00e3o do solo;<br \/>\uf0d8 valoriza\u00e7\u00e3o imobili\u00e1ria;<br \/>\uf0d8 gera\u00e7\u00e3o de tr\u00e1fego e demanda por transporte p\u00fablico;<br \/>\uf0d8 ventila\u00e7\u00e3o e ilumina\u00e7\u00e3o;<br \/>\uf0d8 paisagem urbana e patrim\u00f4nio natural e cultural.<\/p><\/div>\n\t\t\t\t<\/div>\n\t\t\t\t\t\t\t<div class=\"elementor-accordion-item\">\n\t\t\t\t\t<div id=\"elementor-tab-title-1507\" class=\"elementor-tab-title\" data-tab=\"7\" role=\"button\" aria-controls=\"elementor-tab-content-1507\" aria-expanded=\"false\">\n\t\t\t\t\t\t\t\t\t\t\t\t\t<span class=\"elementor-accordion-icon elementor-accordion-icon-right\" aria-hidden=\"true\">\n\t\t\t\t\t\t\t\t\t\t\t\t\t\t\t<span class=\"elementor-accordion-icon-closed\"><i class=\"fas fa-caret-left\"><\/i><\/span>\n\t\t\t\t\t\t\t\t<span class=\"elementor-accordion-icon-opened\"><\/span>\n\t\t\t\t\t\t\t\t\t\t\t\t\t\t<\/span>\n\t\t\t\t\t\t\t\t\t\t\t\t<a class=\"elementor-accordion-title\" tabindex=\"0\">Laudo descritivo da fauna<\/a>\n\t\t\t\t\t<\/div>\n\t\t\t\t\t<div id=\"elementor-tab-content-1507\" class=\"elementor-tab-content elementor-clearfix\" data-tab=\"7\" role=\"region\" aria-labelledby=\"elementor-tab-title-1507\"><p>O laudo descritivo da fauna descreve a prov\u00e1vel intera\u00e7\u00e3o com a flora, contemplando principalmente:<br \/>a) rela\u00e7\u00e3o das esp\u00e9cies animais (nomes populares e cient\u00edficos) habitualmente encontradas na \u00e1rea total do terreno;<br \/>b) rela\u00e7\u00e3o detalhada das esp\u00e9cies ocorrentes amea\u00e7adas de extin\u00e7\u00e3o;<br \/>c) levantamento detalhado quanto \u00e0 presen\u00e7a de locais conhecidamente importantes utilizados para alimenta\u00e7\u00e3o, dessedenta\u00e7\u00e3o, reprodu\u00e7\u00e3o, desenvolvimento de crias, rotas migrat\u00f3rias, corredores ecol\u00f3gicos, etc., levando-se em considera\u00e7\u00e3o tamb\u00e9m os aspectos de sazonalidade;<br \/>d) parecer t\u00e9cnico conclusivo a respeito dos prov\u00e1veis impactos esperados \u00e0 fauna silvestre, caso o empreendimento tenha seguimento dentro dos moldes propostos,<br \/>e) metodologia de an\u00e1lise utilizada na coleta de dados em campo.<\/p><\/div>\n\t\t\t\t<\/div>\n\t\t\t\t\t\t\t<div class=\"elementor-accordion-item\">\n\t\t\t\t\t<div id=\"elementor-tab-title-1508\" class=\"elementor-tab-title\" data-tab=\"8\" role=\"button\" aria-controls=\"elementor-tab-content-1508\" aria-expanded=\"false\">\n\t\t\t\t\t\t\t\t\t\t\t\t\t<span class=\"elementor-accordion-icon elementor-accordion-icon-right\" aria-hidden=\"true\">\n\t\t\t\t\t\t\t\t\t\t\t\t\t\t\t<span class=\"elementor-accordion-icon-closed\"><i class=\"fas fa-caret-left\"><\/i><\/span>\n\t\t\t\t\t\t\t\t<span class=\"elementor-accordion-icon-opened\"><\/span>\n\t\t\t\t\t\t\t\t\t\t\t\t\t\t<\/span>\n\t\t\t\t\t\t\t\t\t\t\t\t<a class=\"elementor-accordion-title\" tabindex=\"0\">Laudo quali-quantitativo da cobertura vegetal<\/a>\n\t\t\t\t\t<\/div>\n\t\t\t\t\t<div id=\"elementor-tab-content-1508\" class=\"elementor-tab-content elementor-clearfix\" data-tab=\"8\" role=\"region\" aria-labelledby=\"elementor-tab-title-1508\"><p>\u00c1reas de preserva\u00e7\u00e3o permanente s\u00e3o \u00e1reas criadas para garantir a sobreviv\u00eancia de todas as esp\u00e9cies de animais e plantas, a chamada biodiversidade, e tamb\u00e9m para proteger locais de grande beleza c\u00eanica, como montanhas, serras, cachoeiras, canyons, rios ou lagos. Al\u00e9m de permitir a sobreviv\u00eancia dos animais e plantas, as \u00e1reas protegidas contribuem para regular o clima, abastecer os mananciais de \u00e1gua e proporcionar qualidade de vida \u00e0s popula\u00e7\u00f5es humanas. No Brasil existem dois tipos de \u00e1reas protegidas: as p\u00fablicas e as privadas ou particulares.<br \/>Existem \u00e1reas protegidas particulares em raz\u00e3o de que n\u00e3o \u00e9 poss\u00edvel criar reservas p\u00fablicas em todos os lugares, e tamb\u00e9m porque existem certas \u00e1reas que devem sempre ser protegidas, independentemente de sua localiza\u00e7\u00e3o, como por exemplo as margens de rios, nascentes e topos de morros. Neste sentido, os dois tipos de \u00e1reas protegidas s\u00e3o complementares.<\/p><p>Para saber se voc\u00ea esta inserido dentro de uma APP ou se um novo local que pretende se instalar est\u00e1 inserido em APP pe\u00e7a seu laudo para determina\u00e7\u00e3o e tranquilidade.<\/p><\/div>\n\t\t\t\t<\/div>\n\t\t\t\t\t\t\t\t<\/div>\n\t\t\t\t\t\t<\/div>\n\t\t\t\t<\/div>\n\t\t\t\t\t<\/div>\n\t\t<\/div>\n\t\t\t\t<div class=\"elementor-column elementor-col-50 elementor-inner-column elementor-element elementor-element-0ca2a09\" data-id=\"0ca2a09\" data-element_type=\"column\">\n\t\t\t<div class=\"elementor-widget-wrap elementor-element-populated\">\n\t\t\t\t\t\t<div class=\"elementor-element elementor-element-96af0e2 elementor-widget elementor-widget-accordion\" data-id=\"96af0e2\" data-element_type=\"widget\" data-widget_type=\"accordion.default\">\n\t\t\t\t<div class=\"elementor-widget-container\">\n\t\t\t\t\t\t\t<div class=\"elementor-accordion\">\n\t\t\t\t\t\t\t<div class=\"elementor-accordion-item\">\n\t\t\t\t\t<div id=\"elementor-tab-title-1581\" class=\"elementor-tab-title\" data-tab=\"1\" role=\"button\" aria-controls=\"elementor-tab-content-1581\" aria-expanded=\"false\">\n\t\t\t\t\t\t\t\t\t\t\t\t\t<span class=\"elementor-accordion-icon elementor-accordion-icon-right\" aria-hidden=\"true\">\n\t\t\t\t\t\t\t\t\t\t\t\t\t\t\t<span class=\"elementor-accordion-icon-closed\"><i class=\"fas fa-caret-left\"><\/i><\/span>\n\t\t\t\t\t\t\t\t<span class=\"elementor-accordion-icon-opened\"><\/span>\n\t\t\t\t\t\t\t\t\t\t\t\t\t\t<\/span>\n\t\t\t\t\t\t\t\t\t\t\t\t<a class=\"elementor-accordion-title\" tabindex=\"0\"><\/a>\n\t\t\t\t\t<\/div>\n\t\t\t\t\t<div id=\"elementor-tab-content-1581\" class=\"elementor-tab-content elementor-clearfix\" data-tab=\"1\" role=\"region\" aria-labelledby=\"elementor-tab-title-1581\"><\/div>\n\t\t\t\t<\/div>\n\t\t\t\t\t\t\t<div class=\"elementor-accordion-item\">\n\t\t\t\t\t<div id=\"elementor-tab-title-1582\" class=\"elementor-tab-title\" data-tab=\"2\" role=\"button\" aria-controls=\"elementor-tab-content-1582\" aria-expanded=\"false\">\n\t\t\t\t\t\t\t\t\t\t\t\t\t<span class=\"elementor-accordion-icon elementor-accordion-icon-right\" aria-hidden=\"true\">\n\t\t\t\t\t\t\t\t\t\t\t\t\t\t\t<span class=\"elementor-accordion-icon-closed\"><i class=\"fas fa-caret-left\"><\/i><\/span>\n\t\t\t\t\t\t\t\t<span class=\"elementor-accordion-icon-opened\"><\/span>\n\t\t\t\t\t\t\t\t\t\t\t\t\t\t<\/span>\n\t\t\t\t\t\t\t\t\t\t\t\t<a class=\"elementor-accordion-title\" tabindex=\"0\">Laudo t\u00e9cnico para determina\u00e7\u00e3o de \u00c1rea de Preserva\u00e7\u00e3o Permanente -APP<\/a>\n\t\t\t\t\t<\/div>\n\t\t\t\t\t<div id=\"elementor-tab-content-1582\" class=\"elementor-tab-content elementor-clearfix\" data-tab=\"2\" role=\"region\" aria-labelledby=\"elementor-tab-title-1582\"><p>\u00c1reas de preserva\u00e7\u00e3o permanente s\u00e3o \u00e1reas criadas para garantir a sobreviv\u00eancia de todas as esp\u00e9cies de animais e plantas, a chamada biodiversidade, e tamb\u00e9m para proteger locais de grande beleza c\u00eanica, como montanhas, serras, cachoeiras, canyons, rios ou lagos. Al\u00e9m de permitir a sobreviv\u00eancia dos animais e plantas, as \u00e1reas protegidas contribuem para regular o clima, abastecer os mananciais de \u00e1gua e proporcionar qualidade de vida \u00e0s popula\u00e7\u00f5es humanas. No Brasil existem dois tipos de \u00e1reas protegidas: as p\u00fablicas e as privadas ou particulares.<br \/>Existem \u00e1reas protegidas particulares em raz\u00e3o de que n\u00e3o \u00e9 poss\u00edvel criar reservas p\u00fablicas em todos os lugares, e tamb\u00e9m porque existem certas \u00e1reas que devem sempre ser protegidas, independentemente de sua localiza\u00e7\u00e3o, como por exemplo as margens de rios, nascentes e topos de morros. Neste sentido, os dois tipos de \u00e1reas protegidas s\u00e3o complementares.<\/p><p>Para saber se voc\u00ea esta inserido dentro de uma APP ou se um novo local que pretende se instalar est\u00e1 inserido em APP pe\u00e7a seu laudo para determina\u00e7\u00e3o e tranquilidade.<\/p><\/div>\n\t\t\t\t<\/div>\n\t\t\t\t\t\t\t<div class=\"elementor-accordion-item\">\n\t\t\t\t\t<div id=\"elementor-tab-title-1583\" class=\"elementor-tab-title\" data-tab=\"3\" role=\"button\" aria-controls=\"elementor-tab-content-1583\" aria-expanded=\"false\">\n\t\t\t\t\t\t\t\t\t\t\t\t\t<span class=\"elementor-accordion-icon elementor-accordion-icon-right\" aria-hidden=\"true\">\n\t\t\t\t\t\t\t\t\t\t\t\t\t\t\t<span class=\"elementor-accordion-icon-closed\"><i class=\"fas fa-caret-left\"><\/i><\/span>\n\t\t\t\t\t\t\t\t<span class=\"elementor-accordion-icon-opened\"><\/span>\n\t\t\t\t\t\t\t\t\t\t\t\t\t\t<\/span>\n\t\t\t\t\t\t\t\t\t\t\t\t<a class=\"elementor-accordion-title\" tabindex=\"0\">Licenciamento Ambiental<\/a>\n\t\t\t\t\t<\/div>\n\t\t\t\t\t<div id=\"elementor-tab-content-1583\" class=\"elementor-tab-content elementor-clearfix\" data-tab=\"3\" role=\"region\" aria-labelledby=\"elementor-tab-title-1583\"><p>Encaminhamento, acompanhamento e agiliza\u00e7\u00e3o de processos de licenciamento ambiental junto ao \u00f3rg\u00e3o ambiental, sejam eles municipais, estaduais ou federais.<\/p><p>Realizamos tamb\u00e9m solicita\u00e7\u00f5es de autoriza\u00e7\u00e3o de remessa de res\u00edduos para fora do estado, solicita\u00e7\u00e3o de declara\u00e7\u00e3o de isen\u00e7\u00e3o de licen\u00e7a, bem como outros documentos solicitados em \u00f3rg\u00e3os ambientais.<\/p><p>O licenciamento \u00e9 um dos instrumentos de gest\u00e3o ambiental estabelecido pela lei Federal n.\u00ba 6.938, de 31\/08\/81, tamb\u00e9m conhecida como Lei da Pol\u00edtica Nacional do Meio Ambiente.<\/p><p>Em 1997, a Resolu\u00e7\u00e3o n\u00ba 237 do CONAMA \u2013 Conselho Nacional do Meio Ambiente definiu as compet\u00eancias da Uni\u00e3o, Estados e Munic\u00edpios e determinou que o licenciamento dever\u00e1 ser sempre feito em um \u00fanico n\u00edvel de compet\u00eancia.<\/p><p>No licenciamento ambiental s\u00e3o avaliados impactos causados pelo empreendimento, tais como: seu potencial ou sua capacidade de gerar l\u00edquidos poluentes (despejos e efluentes), res\u00edduos s\u00f3lidos, emiss\u00f5es atmosf\u00e9ricas, ru\u00eddos e o potencial de risco, como por exemplo, explos\u00f5es e inc\u00eandios.<\/p><p>\u00c9 importante lembrar que as licen\u00e7as ambientais estabelecem as condi\u00e7\u00f5es para que a atividade ou o empreendimento cause o menor impacto poss\u00edvel ao meio ambiente. Por isso, qualquer altera\u00e7\u00e3o deve ser submetida a novo licenciamento, com a solicita\u00e7\u00e3o de Licen\u00e7a Pr\u00e9via.<\/p><p>\u00a0<\/p><\/div>\n\t\t\t\t<\/div>\n\t\t\t\t\t\t\t<div class=\"elementor-accordion-item\">\n\t\t\t\t\t<div id=\"elementor-tab-title-1584\" class=\"elementor-tab-title\" data-tab=\"4\" role=\"button\" aria-controls=\"elementor-tab-content-1584\" aria-expanded=\"false\">\n\t\t\t\t\t\t\t\t\t\t\t\t\t<span class=\"elementor-accordion-icon elementor-accordion-icon-right\" aria-hidden=\"true\">\n\t\t\t\t\t\t\t\t\t\t\t\t\t\t\t<span class=\"elementor-accordion-icon-closed\"><i class=\"fas fa-caret-left\"><\/i><\/span>\n\t\t\t\t\t\t\t\t<span class=\"elementor-accordion-icon-opened\"><\/span>\n\t\t\t\t\t\t\t\t\t\t\t\t\t\t<\/span>\n\t\t\t\t\t\t\t\t\t\t\t\t<a class=\"elementor-accordion-title\" tabindex=\"0\">Plano de Gerenciamento de Res\u00edduos S\u00f3lidos \u2013 PGRS<\/a>\n\t\t\t\t\t<\/div>\n\t\t\t\t\t<div id=\"elementor-tab-content-1584\" class=\"elementor-tab-content elementor-clearfix\" data-tab=\"4\" role=\"region\" aria-labelledby=\"elementor-tab-title-1584\"><p>A quest\u00e3o do gerenciamento adequado de res\u00edduos s\u00f3lidos \u00e9 essencial para as corpora\u00e7\u00f5es que se preocupam com os impactos ambientais decorrentes de suas atividades, e suas potenciais correla\u00e7\u00f5es com a sociedade como um todo, conforme previsto no Decreto 7.404, de 23 de dezembro de 2010, que Regulamenta a Lei 12.305, de 2 de agosto de 2010, que institui a Pol\u00edtica Nacional de Res\u00edduos S\u00f3lidos.<\/p><p>Os planos de gerenciamento de res\u00edduos\u00a0desenvolvidos pela MUNDO AMBIENTE tem procurado unificar o sistema de gerenciamento, priorizando a redu\u00e7\u00e3o da gera\u00e7\u00e3o, a reutiliza\u00e7\u00e3o quando poss\u00edvel, a reciclagem e o encaminhamento para destino final ambientalmente correto e seguro, contribuindo assim para a economia de recursos naturais, a minimiza\u00e7\u00e3o dos custos e a preserva\u00e7\u00e3o do meio ambiente.<\/p><p>Prop\u00f5e a atuar desde a coleta e transporte dos res\u00edduos industriais, at\u00e9 sua disposi\u00e7\u00e3o final, passando por adequa\u00e7\u00e3o dos materiais, tratamentos f\u00edsicos, qu\u00edmicos e outros.<\/p><p>O desenvolvimento destas atividades leva em conta as caracter\u00edsticas espec\u00edficas dos res\u00edduos industriais, sendo obedecida rigorosamente a legisla\u00e7\u00e3o ambiental vigente.<\/p><p>Elaboramos os seguintes planos:<\/p><ul><li>Plano de gerenciamento de res\u00edduos industriais;<\/li><li>Plano de gerenciamento de res\u00edduos de servi\u00e7o de sa\u00fade;<\/li><li>Plano de gerenciamento de res\u00edduos da constru\u00e7\u00e3o civil.<\/li><\/ul><\/div>\n\t\t\t\t<\/div>\n\t\t\t\t\t\t\t<div class=\"elementor-accordion-item\">\n\t\t\t\t\t<div id=\"elementor-tab-title-1585\" class=\"elementor-tab-title\" data-tab=\"5\" role=\"button\" aria-controls=\"elementor-tab-content-1585\" aria-expanded=\"false\">\n\t\t\t\t\t\t\t\t\t\t\t\t\t<span class=\"elementor-accordion-icon elementor-accordion-icon-right\" aria-hidden=\"true\">\n\t\t\t\t\t\t\t\t\t\t\t\t\t\t\t<span class=\"elementor-accordion-icon-closed\"><i class=\"fas fa-caret-left\"><\/i><\/span>\n\t\t\t\t\t\t\t\t<span class=\"elementor-accordion-icon-opened\"><\/span>\n\t\t\t\t\t\t\t\t\t\t\t\t\t\t<\/span>\n\t\t\t\t\t\t\t\t\t\t\t\t<a class=\"elementor-accordion-title\" tabindex=\"0\">Preenchimento do relat\u00f3rio de atividades potencialmente poluidores e utilizadoras de Recursos Ambientais \u2013 IBAMA<\/a>\n\t\t\t\t\t<\/div>\n\t\t\t\t\t<div id=\"elementor-tab-content-1585\" class=\"elementor-tab-content elementor-clearfix\" data-tab=\"5\" role=\"region\" aria-labelledby=\"elementor-tab-title-1585\"><p>Este relat\u00f3rio \u00e9 anual, devendo ser preenchido sempre no per\u00edodo de entrega: 1\u00ba de fevereiro ao dia 31 de mar\u00e7o de cada ano, previsto na Lei 6.938\/81 (\u00a7 1\u00ba, Art. 17-C).<br \/>\u00c9 um instrumento de coleta de informa\u00e7\u00f5es de Interesse ambiental com objetivo de colaborar com os procedimentos de controle e fiscaliza\u00e7\u00e3o ambiental;<br \/>O seu preenchimento e entrega s\u00e3o obrigat\u00f3rios para pessoas f\u00edsicas e jur\u00eddicas que exercem atividades sujeitas \u00e0 cobran\u00e7a de Taxa de Controle e Fiscaliza\u00e7\u00e3o Ambiental (TCFA).<\/p><\/div>\n\t\t\t\t<\/div>\n\t\t\t\t\t\t\t<div class=\"elementor-accordion-item\">\n\t\t\t\t\t<div id=\"elementor-tab-title-1586\" class=\"elementor-tab-title\" data-tab=\"6\" role=\"button\" aria-controls=\"elementor-tab-content-1586\" aria-expanded=\"false\">\n\t\t\t\t\t\t\t\t\t\t\t\t\t<span class=\"elementor-accordion-icon elementor-accordion-icon-right\" aria-hidden=\"true\">\n\t\t\t\t\t\t\t\t\t\t\t\t\t\t\t<span class=\"elementor-accordion-icon-closed\"><i class=\"fas fa-caret-left\"><\/i><\/span>\n\t\t\t\t\t\t\t\t<span class=\"elementor-accordion-icon-opened\"><\/span>\n\t\t\t\t\t\t\t\t\t\t\t\t\t\t<\/span>\n\t\t\t\t\t\t\t\t\t\t\t\t<a class=\"elementor-accordion-title\" tabindex=\"0\">Relat\u00f3rio T\u00e9cnico Ambiental<\/a>\n\t\t\t\t\t<\/div>\n\t\t\t\t\t<div id=\"elementor-tab-content-1586\" class=\"elementor-tab-content elementor-clearfix\" data-tab=\"6\" role=\"region\" aria-labelledby=\"elementor-tab-title-1586\"><p>O Relat\u00f3rio T\u00e9cnico Ambiental \u00e9 um\u00a0dos documentos\u00a0necessarios, em\u00a0diversos casos, para atendimento dos condicionantes das licen\u00e7as ambientais. Este documento deve ser elaborado por um profissional legalmente\u00a0habilitado com a respectiva Anota\u00e7\u00e3o de Responsabilidade T\u00e9cnica \u2013\u00a0ART,\u00a0acompanhado de relat\u00f3rio fotogr\u00e1fico.<\/p><\/div>\n\t\t\t\t<\/div>\n\t\t\t\t\t\t\t<div class=\"elementor-accordion-item\">\n\t\t\t\t\t<div id=\"elementor-tab-title-1587\" class=\"elementor-tab-title\" data-tab=\"7\" role=\"button\" aria-controls=\"elementor-tab-content-1587\" aria-expanded=\"false\">\n\t\t\t\t\t\t\t\t\t\t\t\t\t<span class=\"elementor-accordion-icon elementor-accordion-icon-right\" aria-hidden=\"true\">\n\t\t\t\t\t\t\t\t\t\t\t\t\t\t\t<span class=\"elementor-accordion-icon-closed\"><i class=\"fas fa-caret-left\"><\/i><\/span>\n\t\t\t\t\t\t\t\t<span class=\"elementor-accordion-icon-opened\"><\/span>\n\t\t\t\t\t\t\t\t\t\t\t\t\t\t<\/span>\n\t\t\t\t\t\t\t\t\t\t\t\t<a class=\"elementor-accordion-title\" tabindex=\"0\">Relat\u00f3rio T\u00e9cnico de Sistemas de tratamento de efluentes<\/a>\n\t\t\t\t\t<\/div>\n\t\t\t\t\t<div id=\"elementor-tab-content-1587\" class=\"elementor-tab-content elementor-clearfix\" data-tab=\"7\" role=\"region\" aria-labelledby=\"elementor-tab-title-1587\"><p>Este relat\u00f3rio t\u00e9cnico apresenta as etapas de opera\u00e7\u00e3o do sistema de tratamento de efluentes, bem como um relat\u00f3rio fotogr\u00e1fico e ainda atestando sua efici\u00eancia de tratamento.<br \/>Elaborado por profissional legalmente habilitado, acompanhado pela anota\u00e7\u00e3o de responsabilidade t\u00e9cnica \u2013 ART.<\/p><\/div>\n\t\t\t\t<\/div>\n\t\t\t\t\t\t\t<div class=\"elementor-accordion-item\">\n\t\t\t\t\t<div id=\"elementor-tab-title-1588\" class=\"elementor-tab-title\" data-tab=\"8\" role=\"button\" aria-controls=\"elementor-tab-content-1588\" aria-expanded=\"false\">\n\t\t\t\t\t\t\t\t\t\t\t\t\t<span class=\"elementor-accordion-icon elementor-accordion-icon-right\" aria-hidden=\"true\">\n\t\t\t\t\t\t\t\t\t\t\t\t\t\t\t<span class=\"elementor-accordion-icon-closed\"><i class=\"fas fa-caret-left\"><\/i><\/span>\n\t\t\t\t\t\t\t\t<span class=\"elementor-accordion-icon-opened\"><\/span>\n\t\t\t\t\t\t\t\t\t\t\t\t\t\t<\/span>\n\t\t\t\t\t\t\t\t\t\t\t\t<a class=\"elementor-accordion-title\" tabindex=\"0\">Relat\u00f3rio T\u00e9cnico referente \u00e0 implementa\u00e7\u00f5es da APR<\/a>\n\t\t\t\t\t<\/div>\n\t\t\t\t\t<div id=\"elementor-tab-content-1588\" class=\"elementor-tab-content elementor-clearfix\" data-tab=\"8\" role=\"region\" aria-labelledby=\"elementor-tab-title-1588\"><p>Este relat\u00f3rio t\u00e9cnico apresenta as implementa\u00e7\u00f5es realizadas pelo empreendimento que foram recomendadas na An\u00e1lise Preliminar de Riscos (APR), acompanhada do respectivo cronograma de execu\u00e7\u00f5es.<br \/>Elaborado por profissional legalmente habilitado, acompanhado pela anota\u00e7\u00e3o de responsabilidade t\u00e9cnica \u2013 ART.<\/p><\/div>\n\t\t\t\t<\/div>\n\t\t\t\t\t\t\t\t<\/div>\n\t\t\t\t\t\t<\/div>\n\t\t\t\t<\/div>\n\t\t\t\t\t<\/div>\n\t\t<\/div>\n\t\t\t\t\t<\/div>\n\t\t<\/section>\n\t\t\t\t\t<\/div>\n\t\t<\/div>\n\t\t\t\t\t<\/div>\n\t\t<\/section>\n\t\t\t\t<section class=\"elementor-section elementor-top-section elementor-element elementor-element-e54fdb6 elementor-section-content-top elementor-section-full_width elementor-section-height-default elementor-section-height-default\" data-id=\"e54fdb6\" data-element_type=\"section\" data-settings=\"{&quot;background_background&quot;:&quot;classic&quot;}\">\n\t\t\t\t\t\t\t<div class=\"elementor-background-overlay\"><\/div>\n\t\t\t\t\t\t\t<div class=\"elementor-container elementor-column-gap-no\">\n\t\t\t\t\t<div class=\"elementor-column elementor-col-100 elementor-top-column elementor-element elementor-element-1ba68dc\" data-id=\"1ba68dc\" data-element_type=\"column\">\n\t\t\t<div class=\"elementor-widget-wrap elementor-element-populated\">\n\t\t\t\t\t\t<div class=\"elementor-element elementor-element-f593358 elementor-widget elementor-widget-menu-anchor\" data-id=\"f593358\" data-element_type=\"widget\" data-widget_type=\"menu-anchor.default\">\n\t\t\t\t<div class=\"elementor-widget-container\">\n\t\t\t\t\t\t\t<div class=\"elementor-menu-anchor\" id=\"st\"><\/div>\n\t\t\t\t\t\t<\/div>\n\t\t\t\t<\/div>\n\t\t\t\t<div class=\"elementor-element elementor-element-efdf92a elementor-widget elementor-widget-heading\" data-id=\"efdf92a\" data-element_type=\"widget\" data-widget_type=\"heading.default\">\n\t\t\t\t<div class=\"elementor-widget-container\">\n\t\t\t\t\t<h2 class=\"elementor-heading-title elementor-size-default\">Seguran\u00e7a do Trabalho<\/h2>\t\t\t\t<\/div>\n\t\t\t\t<\/div>\n\t\t\t\t<section class=\"elementor-section elementor-inner-section elementor-element elementor-element-35bb0b8 elementor-section-full_width elementor-section-height-default elementor-section-height-default\" data-id=\"35bb0b8\" data-element_type=\"section\">\n\t\t\t\t\t\t<div class=\"elementor-container elementor-column-gap-default\">\n\t\t\t\t\t<div class=\"elementor-column elementor-col-50 elementor-inner-column elementor-element elementor-element-4081bd3\" data-id=\"4081bd3\" data-element_type=\"column\">\n\t\t\t<div class=\"elementor-widget-wrap elementor-element-populated\">\n\t\t\t\t\t\t<div class=\"elementor-element elementor-element-3be4529 elementor-widget elementor-widget-accordion\" data-id=\"3be4529\" data-element_type=\"widget\" data-widget_type=\"accordion.default\">\n\t\t\t\t<div class=\"elementor-widget-container\">\n\t\t\t\t\t\t\t<div class=\"elementor-accordion\">\n\t\t\t\t\t\t\t<div class=\"elementor-accordion-item\">\n\t\t\t\t\t<div id=\"elementor-tab-title-6281\" class=\"elementor-tab-title\" data-tab=\"1\" role=\"button\" aria-controls=\"elementor-tab-content-6281\" aria-expanded=\"false\">\n\t\t\t\t\t\t\t\t\t\t\t\t\t<span class=\"elementor-accordion-icon elementor-accordion-icon-right\" aria-hidden=\"true\">\n\t\t\t\t\t\t\t\t\t\t\t\t\t\t\t<span class=\"elementor-accordion-icon-closed\"><i class=\"fas fa-caret-left\"><\/i><\/span>\n\t\t\t\t\t\t\t\t<span class=\"elementor-accordion-icon-opened\"><\/span>\n\t\t\t\t\t\t\t\t\t\t\t\t\t\t<\/span>\n\t\t\t\t\t\t\t\t\t\t\t\t<a class=\"elementor-accordion-title\" tabindex=\"0\"><\/a>\n\t\t\t\t\t<\/div>\n\t\t\t\t\t<div id=\"elementor-tab-content-6281\" class=\"elementor-tab-content elementor-clearfix\" data-tab=\"1\" role=\"region\" aria-labelledby=\"elementor-tab-title-6281\"><\/div>\n\t\t\t\t<\/div>\n\t\t\t\t\t\t\t<div class=\"elementor-accordion-item\">\n\t\t\t\t\t<div id=\"elementor-tab-title-6282\" class=\"elementor-tab-title\" data-tab=\"2\" role=\"button\" aria-controls=\"elementor-tab-content-6282\" aria-expanded=\"false\">\n\t\t\t\t\t\t\t\t\t\t\t\t\t<span class=\"elementor-accordion-icon elementor-accordion-icon-right\" aria-hidden=\"true\">\n\t\t\t\t\t\t\t\t\t\t\t\t\t\t\t<span class=\"elementor-accordion-icon-closed\"><i class=\"fas fa-caret-left\"><\/i><\/span>\n\t\t\t\t\t\t\t\t<span class=\"elementor-accordion-icon-opened\"><\/span>\n\t\t\t\t\t\t\t\t\t\t\t\t\t\t<\/span>\n\t\t\t\t\t\t\t\t\t\t\t\t<a class=\"elementor-accordion-title\" tabindex=\"0\">Acompanhamento de Per\u00edcias Trabalhistas<\/a>\n\t\t\t\t\t<\/div>\n\t\t\t\t\t<div id=\"elementor-tab-content-6282\" class=\"elementor-tab-content elementor-clearfix\" data-tab=\"2\" role=\"region\" aria-labelledby=\"elementor-tab-title-6282\"><p>Orientar o departamento jur\u00eddico e de recursos humanos para medidas preventivas no sentido de evitar a\u00e7\u00f5es trabalhistas (referente a adicionais de insalubridade\u00a0ou periculosidade e acidentes do trabalho) atrav\u00e9s de medidas de prote\u00e7\u00e3o e t\u00e9cnicas prevencionistas.<\/p><p>Atuar como assistente t\u00e9cnico, em a\u00e7\u00f5es trabalhistas,\u00a0no \u00e2mbito da Justi\u00e7a do Trabalho.<\/p><p>Fundamento legal:<\/p><p>\u2022 Consolida\u00e7\u00e3o das Leis do Trabalho \u2013 CLT, art. 195,<\/p><p>\u2022 C\u00f3digo de Processo Civil \u2013 CPC, art. 145-7.<\/p><\/div>\n\t\t\t\t<\/div>\n\t\t\t\t\t\t\t<div class=\"elementor-accordion-item\">\n\t\t\t\t\t<div id=\"elementor-tab-title-6283\" class=\"elementor-tab-title\" data-tab=\"3\" role=\"button\" aria-controls=\"elementor-tab-content-6283\" aria-expanded=\"false\">\n\t\t\t\t\t\t\t\t\t\t\t\t\t<span class=\"elementor-accordion-icon elementor-accordion-icon-right\" aria-hidden=\"true\">\n\t\t\t\t\t\t\t\t\t\t\t\t\t\t\t<span class=\"elementor-accordion-icon-closed\"><i class=\"fas fa-caret-left\"><\/i><\/span>\n\t\t\t\t\t\t\t\t<span class=\"elementor-accordion-icon-opened\"><\/span>\n\t\t\t\t\t\t\t\t\t\t\t\t\t\t<\/span>\n\t\t\t\t\t\t\t\t\t\t\t\t<a class=\"elementor-accordion-title\" tabindex=\"0\">Diagn\u00f3stico das Condi\u00e7\u00f5es de Trabalho<\/a>\n\t\t\t\t\t<\/div>\n\t\t\t\t\t<div id=\"elementor-tab-content-6283\" class=\"elementor-tab-content elementor-clearfix\" data-tab=\"3\" role=\"region\" aria-labelledby=\"elementor-tab-title-6283\"><p>Analisar as condi\u00e7\u00f5es de meio ambiente de trabalho e propor medidas preventivas, atrav\u00e9s de t\u00e9cnicas e procedimentos administrativos visando a melhoria das condi\u00e7\u00f5es de meio ambiente de trabalho.<a href=\"http:\/\/mundoambiente.eng.br\/new\/wp-content\/uploads\/2011\/04\/condicoes-de-trabalho.jpg\"><img decoding=\"async\" class=\"alignleft size-full wp-image-1152\" title=\"condicoes de trabalho\" src=\"http:\/\/mundoambiente.eng.br\/new\/wp-content\/uploads\/2011\/04\/condicoes-de-trabalho.jpg\" alt=\"\" width=\"200\" height=\"192\" \/><\/a><\/p><p>Fundamento legal:<\/p><p>\u2022 Consolida\u00e7\u00e3o das Leis do Trabalho \u2013 cap\u00edtulo V da CLT<\/p><p>\u2022 Portaria do Minist\u00e9rio do Trabalho n\u00ba 3.214\/78, NR \u2013 normas regulamentadoras de seguran\u00e7a e sa\u00fade no trabalho.<\/p><\/div>\n\t\t\t\t<\/div>\n\t\t\t\t\t\t\t<div class=\"elementor-accordion-item\">\n\t\t\t\t\t<div id=\"elementor-tab-title-6284\" class=\"elementor-tab-title\" data-tab=\"4\" role=\"button\" aria-controls=\"elementor-tab-content-6284\" aria-expanded=\"false\">\n\t\t\t\t\t\t\t\t\t\t\t\t\t<span class=\"elementor-accordion-icon elementor-accordion-icon-right\" aria-hidden=\"true\">\n\t\t\t\t\t\t\t\t\t\t\t\t\t\t\t<span class=\"elementor-accordion-icon-closed\"><i class=\"fas fa-caret-left\"><\/i><\/span>\n\t\t\t\t\t\t\t\t<span class=\"elementor-accordion-icon-opened\"><\/span>\n\t\t\t\t\t\t\t\t\t\t\t\t\t\t<\/span>\n\t\t\t\t\t\t\t\t\t\t\t\t<a class=\"elementor-accordion-title\" tabindex=\"0\">Gin\u00e1stica Laboral<\/a>\n\t\t\t\t\t<\/div>\n\t\t\t\t\t<div id=\"elementor-tab-content-6284\" class=\"elementor-tab-content elementor-clearfix\" data-tab=\"4\" role=\"region\" aria-labelledby=\"elementor-tab-title-6284\"><div id=\"corpo\"><div class=\"entry\"><p>A gin\u00e1stica laboral pode reduzir a incid\u00eancia de doen\u00e7as ocupacionais e les\u00f5es de esfor\u00e7os repetitivos, e desta forma diminuir o n\u00famero de afastamentos dos empregados na empresa. Al\u00e9m dos benef\u00edcios f\u00edsicos, a pr\u00e1tica volunt\u00e1ria da gin\u00e1stica laboral proporciona ganhos psicol\u00f3gicos, diminui\u00e7\u00e3o do estresse e aumento no poder de concentra\u00e7\u00e3o, motiva\u00e7\u00e3o e moral dos trabalhadores.<\/p><div id=\"gallery-1\" class=\"gallery galleryid-106 gallery-columns-3 gallery-size-thumbnail\">\u00a0<\/div><\/div><\/div><div style=\"text-align: left;\"><img fetchpriority=\"high\" decoding=\"async\" class=\"alignnone size-medium wp-image-25001\" src=\"http:\/\/mundoambiente.eng.br\/wp-content\/uploads\/2021\/06\/I1-300x225.jpg\" alt=\"\" width=\"300\" height=\"225\" srcset=\"https:\/\/mundoambiente.eng.br\/wp-content\/uploads\/2021\/06\/I1-300x225.jpg 300w, https:\/\/mundoambiente.eng.br\/wp-content\/uploads\/2021\/06\/I1.jpg 700w\" sizes=\"(max-width: 300px) 100vw, 300px\" \/> <img decoding=\"async\" class=\"alignnone size-medium wp-image-25002\" src=\"http:\/\/mundoambiente.eng.br\/wp-content\/uploads\/2021\/06\/I2-300x225.jpg\" alt=\"\" width=\"300\" height=\"225\" srcset=\"https:\/\/mundoambiente.eng.br\/wp-content\/uploads\/2021\/06\/I2-300x225.jpg 300w, https:\/\/mundoambiente.eng.br\/wp-content\/uploads\/2021\/06\/I2.jpg 700w\" sizes=\"(max-width: 300px) 100vw, 300px\" \/> <img loading=\"lazy\" decoding=\"async\" class=\"alignnone size-medium wp-image-25003\" src=\"http:\/\/mundoambiente.eng.br\/wp-content\/uploads\/2021\/06\/I3-300x225.jpg\" alt=\"\" width=\"300\" height=\"225\" srcset=\"https:\/\/mundoambiente.eng.br\/wp-content\/uploads\/2021\/06\/I3-300x225.jpg 300w, https:\/\/mundoambiente.eng.br\/wp-content\/uploads\/2021\/06\/I3.jpg 700w\" sizes=\"(max-width: 300px) 100vw, 300px\" \/> <img loading=\"lazy\" decoding=\"async\" class=\"alignnone size-medium wp-image-25004\" src=\"http:\/\/mundoambiente.eng.br\/wp-content\/uploads\/2021\/06\/M1-300x225.jpg\" alt=\"\" width=\"300\" height=\"225\" srcset=\"https:\/\/mundoambiente.eng.br\/wp-content\/uploads\/2021\/06\/M1-300x225.jpg 300w, https:\/\/mundoambiente.eng.br\/wp-content\/uploads\/2021\/06\/M1.jpg 700w\" sizes=\"(max-width: 300px) 100vw, 300px\" \/> <img loading=\"lazy\" decoding=\"async\" class=\"alignnone size-medium wp-image-25005\" src=\"http:\/\/mundoambiente.eng.br\/wp-content\/uploads\/2021\/06\/M2-300x225.jpg\" alt=\"\" width=\"300\" height=\"225\" srcset=\"https:\/\/mundoambiente.eng.br\/wp-content\/uploads\/2021\/06\/M2-300x225.jpg 300w, https:\/\/mundoambiente.eng.br\/wp-content\/uploads\/2021\/06\/M2.jpg 700w\" sizes=\"(max-width: 300px) 100vw, 300px\" \/> <img loading=\"lazy\" decoding=\"async\" class=\"alignnone size-medium wp-image-25006\" src=\"http:\/\/mundoambiente.eng.br\/wp-content\/uploads\/2021\/06\/T1-300x225.jpg\" alt=\"\" width=\"300\" height=\"225\" srcset=\"https:\/\/mundoambiente.eng.br\/wp-content\/uploads\/2021\/06\/T1-300x225.jpg 300w, https:\/\/mundoambiente.eng.br\/wp-content\/uploads\/2021\/06\/T1.jpg 700w\" sizes=\"(max-width: 300px) 100vw, 300px\" \/> <img loading=\"lazy\" decoding=\"async\" class=\"alignnone size-medium wp-image-25007\" src=\"http:\/\/mundoambiente.eng.br\/wp-content\/uploads\/2021\/06\/T2-300x225.jpg\" alt=\"\" width=\"300\" height=\"225\" srcset=\"https:\/\/mundoambiente.eng.br\/wp-content\/uploads\/2021\/06\/T2-300x225.jpg 300w, https:\/\/mundoambiente.eng.br\/wp-content\/uploads\/2021\/06\/T2.jpg 700w\" sizes=\"(max-width: 300px) 100vw, 300px\" \/> <img loading=\"lazy\" decoding=\"async\" class=\"alignnone size-medium wp-image-25008\" src=\"http:\/\/mundoambiente.eng.br\/wp-content\/uploads\/2021\/06\/T3-300x225.jpg\" alt=\"\" width=\"300\" height=\"225\" srcset=\"https:\/\/mundoambiente.eng.br\/wp-content\/uploads\/2021\/06\/T3-300x225.jpg 300w, https:\/\/mundoambiente.eng.br\/wp-content\/uploads\/2021\/06\/T3.jpg 700w\" sizes=\"(max-width: 300px) 100vw, 300px\" \/><\/div><\/div>\n\t\t\t\t<\/div>\n\t\t\t\t\t\t\t<div class=\"elementor-accordion-item\">\n\t\t\t\t\t<div id=\"elementor-tab-title-6285\" class=\"elementor-tab-title\" data-tab=\"5\" role=\"button\" aria-controls=\"elementor-tab-content-6285\" aria-expanded=\"false\">\n\t\t\t\t\t\t\t\t\t\t\t\t\t<span class=\"elementor-accordion-icon elementor-accordion-icon-right\" aria-hidden=\"true\">\n\t\t\t\t\t\t\t\t\t\t\t\t\t\t\t<span class=\"elementor-accordion-icon-closed\"><i class=\"fas fa-caret-left\"><\/i><\/span>\n\t\t\t\t\t\t\t\t<span class=\"elementor-accordion-icon-opened\"><\/span>\n\t\t\t\t\t\t\t\t\t\t\t\t\t\t<\/span>\n\t\t\t\t\t\t\t\t\t\t\t\t<a class=\"elementor-accordion-title\" tabindex=\"0\">Implementa\u00e7\u00e3o da CIPA<\/a>\n\t\t\t\t\t<\/div>\n\t\t\t\t\t<div id=\"elementor-tab-content-6285\" class=\"elementor-tab-content elementor-clearfix\" data-tab=\"5\" role=\"region\" aria-labelledby=\"elementor-tab-title-6285\"><div class=\"entry\"><div><p>Orientar para implementa\u00e7\u00e3o da Comiss\u00e3o Interna de Preven\u00e7\u00e3o de Acidentes \u2013 CIPA assim como para seu pleno funcionamento, visando a conscientiza\u00e7\u00e3o dos trabalhadores e supervis\u00e3o no sentido de evitar acidentes de trabalho e melhoria das condi\u00e7\u00f5es de trabalho.<\/p><p>\u00a0<\/p><p><a href=\"http:\/\/mundoambiente.eng.br\/new\/wp-content\/uploads\/2011\/04\/cipa1.jpg\"><img loading=\"lazy\" decoding=\"async\" class=\"aligncenter size-thumbnail wp-image-1158\" title=\"cipa\" src=\"http:\/\/mundoambiente.eng.br\/new\/wp-content\/uploads\/2011\/04\/cipa1-150x150.jpg\" sizes=\"(max-width: 150px) 100vw, 150px\" srcset=\"http:\/\/mundoambiente.eng.br\/new\/wp-content\/uploads\/2011\/04\/cipa1-150x150.jpg 150w, http:\/\/mundoambiente.eng.br\/new\/wp-content\/uploads\/2011\/04\/cipa1-300x300.jpg 300w, http:\/\/mundoambiente.eng.br\/new\/wp-content\/uploads\/2011\/04\/cipa1.jpg 400w\" alt=\"\" width=\"150\" height=\"150\" \/><\/a>Fundamento legal:<\/p><p>\u2022 Consolida\u00e7\u00e3o das Leis do Trabalho \u2013 CLT, art. 163, 164 e 165.<\/p><p>\u2022 Portaria do Minist\u00e9rio do Trabalho n\u00ba 3.214\/78, NR 5<\/p><\/div><\/div><p>\u00a0<\/p><\/div>\n\t\t\t\t<\/div>\n\t\t\t\t\t\t\t<div class=\"elementor-accordion-item\">\n\t\t\t\t\t<div id=\"elementor-tab-title-6286\" class=\"elementor-tab-title\" data-tab=\"6\" role=\"button\" aria-controls=\"elementor-tab-content-6286\" aria-expanded=\"false\">\n\t\t\t\t\t\t\t\t\t\t\t\t\t<span class=\"elementor-accordion-icon elementor-accordion-icon-right\" aria-hidden=\"true\">\n\t\t\t\t\t\t\t\t\t\t\t\t\t\t\t<span class=\"elementor-accordion-icon-closed\"><i class=\"fas fa-caret-left\"><\/i><\/span>\n\t\t\t\t\t\t\t\t<span class=\"elementor-accordion-icon-opened\"><\/span>\n\t\t\t\t\t\t\t\t\t\t\t\t\t\t<\/span>\n\t\t\t\t\t\t\t\t\t\t\t\t<a class=\"elementor-accordion-title\" tabindex=\"0\">Inspe\u00e7\u00e3o em Caldeiras e Vasos de Press\u00e3o \u2013 NR 13<\/a>\n\t\t\t\t\t<\/div>\n\t\t\t\t\t<div id=\"elementor-tab-content-6286\" class=\"elementor-tab-content elementor-clearfix\" data-tab=\"6\" role=\"region\" aria-labelledby=\"elementor-tab-title-6286\"><div class=\"entry\"><div><p>Orienta\u00e7\u00e3o e treinamento de operadores de vasos de press\u00e3o \u00a0e caldeiras visando a preven\u00e7\u00e3o de acidentes, prontu\u00e1rio, inspe\u00e7\u00f5es de seguran\u00e7a e o cumprimento da legisla\u00e7\u00e3o pertinente.<\/p><p><a href=\"http:\/\/mundoambiente.eng.br\/new\/wp-content\/uploads\/2011\/07\/CIMG3859.jpg\"><img loading=\"lazy\" decoding=\"async\" class=\"alignleft size-medium wp-image-1160\" title=\"CIMG3859\" src=\"http:\/\/mundoambiente.eng.br\/new\/wp-content\/uploads\/2011\/07\/CIMG3859-300x225.jpg\" sizes=\"(max-width: 300px) 100vw, 300px\" srcset=\"http:\/\/mundoambiente.eng.br\/new\/wp-content\/uploads\/2011\/07\/CIMG3859-300x225.jpg 300w, http:\/\/mundoambiente.eng.br\/new\/wp-content\/uploads\/2011\/07\/CIMG3859-1024x768.jpg 1024w\" alt=\"\" width=\"300\" height=\"225\" \/><\/a><\/p><p>Fundamento legal:<\/p><p>\u2013 Consolida\u00e7\u00e3o das Leis do Trabalho \u2013 CLT, art. 187 e 188<\/p><p>\u2013 Portaria do Minist\u00e9rio do Trabalho n\u00ba 3.214\/78, NR 13<\/p><\/div><\/div><p>\u00a0<\/p><\/div>\n\t\t\t\t<\/div>\n\t\t\t\t\t\t\t<div class=\"elementor-accordion-item\">\n\t\t\t\t\t<div id=\"elementor-tab-title-6287\" class=\"elementor-tab-title\" data-tab=\"7\" role=\"button\" aria-controls=\"elementor-tab-content-6287\" aria-expanded=\"false\">\n\t\t\t\t\t\t\t\t\t\t\t\t\t<span class=\"elementor-accordion-icon elementor-accordion-icon-right\" aria-hidden=\"true\">\n\t\t\t\t\t\t\t\t\t\t\t\t\t\t\t<span class=\"elementor-accordion-icon-closed\"><i class=\"fas fa-caret-left\"><\/i><\/span>\n\t\t\t\t\t\t\t\t<span class=\"elementor-accordion-icon-opened\"><\/span>\n\t\t\t\t\t\t\t\t\t\t\t\t\t\t<\/span>\n\t\t\t\t\t\t\t\t\t\t\t\t<a class=\"elementor-accordion-title\" tabindex=\"0\">Laudo T\u00e9cnico das Condi\u00e7\u00f5es Ambientais do Trabalho \u2013 LTCAT<\/a>\n\t\t\t\t\t<\/div>\n\t\t\t\t\t<div id=\"elementor-tab-content-6287\" class=\"elementor-tab-content elementor-clearfix\" data-tab=\"7\" role=\"region\" aria-labelledby=\"elementor-tab-title-6287\"><p>O Laudo T\u00e9cnico de Condi\u00e7\u00f5es Ambientais do Trabalho \u2013 LTCAT \u00e9 obrigat\u00f3rio para todas as empregas que tem empregados desde a edi\u00e7\u00e3o da MP 1523\/86, convertida atrav\u00e9s da lei\u00a0 n\u00ba 9.528\/97). Este laudo deve informar quais os empregados que tem direito ao beneficio da aposentadoria especial e consequentemente a devida contribui\u00e7\u00e3o adicional por parte da empresa, \u00a0o preenchimento do Perfil Profissiogr\u00e1fico Previdenci\u00e1rio \u2013 PPP e ainda \u00a0serve como base a o preenchimento do campo 33 da GFIP.\u00a0\u00a0\u00a0\u00a0\u00a0\u00a0\u00a0\u00a0\u00a0\u00a0\u00a0\u00a0<\/p><p>Fundamento legal:<\/p><ul><li>Lei n\u00ba 8.213\/91, art. 57<\/li><li>Decreto n\u00ba 3.048\/99, que a aprovou o RPS, art. n\u00ba 68<\/li><\/ul><\/div>\n\t\t\t\t<\/div>\n\t\t\t\t\t\t\t\t<\/div>\n\t\t\t\t\t\t<\/div>\n\t\t\t\t<\/div>\n\t\t\t\t\t<\/div>\n\t\t<\/div>\n\t\t\t\t<div class=\"elementor-column elementor-col-50 elementor-inner-column elementor-element elementor-element-13da0ad\" data-id=\"13da0ad\" data-element_type=\"column\">\n\t\t\t<div class=\"elementor-widget-wrap elementor-element-populated\">\n\t\t\t\t\t\t<div class=\"elementor-element elementor-element-7d32dea elementor-widget elementor-widget-accordion\" data-id=\"7d32dea\" data-element_type=\"widget\" data-widget_type=\"accordion.default\">\n\t\t\t\t<div class=\"elementor-widget-container\">\n\t\t\t\t\t\t\t<div class=\"elementor-accordion\">\n\t\t\t\t\t\t\t<div class=\"elementor-accordion-item\">\n\t\t\t\t\t<div id=\"elementor-tab-title-1311\" class=\"elementor-tab-title\" data-tab=\"1\" role=\"button\" aria-controls=\"elementor-tab-content-1311\" aria-expanded=\"false\">\n\t\t\t\t\t\t\t\t\t\t\t\t\t<span class=\"elementor-accordion-icon elementor-accordion-icon-right\" aria-hidden=\"true\">\n\t\t\t\t\t\t\t\t\t\t\t\t\t\t\t<span class=\"elementor-accordion-icon-closed\"><i class=\"fas fa-caret-left\"><\/i><\/span>\n\t\t\t\t\t\t\t\t<span class=\"elementor-accordion-icon-opened\"><\/span>\n\t\t\t\t\t\t\t\t\t\t\t\t\t\t<\/span>\n\t\t\t\t\t\t\t\t\t\t\t\t<a class=\"elementor-accordion-title\" tabindex=\"0\"><\/a>\n\t\t\t\t\t<\/div>\n\t\t\t\t\t<div id=\"elementor-tab-content-1311\" class=\"elementor-tab-content elementor-clearfix\" data-tab=\"1\" role=\"region\" aria-labelledby=\"elementor-tab-title-1311\"><\/div>\n\t\t\t\t<\/div>\n\t\t\t\t\t\t\t<div class=\"elementor-accordion-item\">\n\t\t\t\t\t<div id=\"elementor-tab-title-1312\" class=\"elementor-tab-title\" data-tab=\"2\" role=\"button\" aria-controls=\"elementor-tab-content-1312\" aria-expanded=\"false\">\n\t\t\t\t\t\t\t\t\t\t\t\t\t<span class=\"elementor-accordion-icon elementor-accordion-icon-right\" aria-hidden=\"true\">\n\t\t\t\t\t\t\t\t\t\t\t\t\t\t\t<span class=\"elementor-accordion-icon-closed\"><i class=\"fas fa-caret-left\"><\/i><\/span>\n\t\t\t\t\t\t\t\t<span class=\"elementor-accordion-icon-opened\"><\/span>\n\t\t\t\t\t\t\t\t\t\t\t\t\t\t<\/span>\n\t\t\t\t\t\t\t\t\t\t\t\t<a class=\"elementor-accordion-title\" tabindex=\"0\">Laudo T\u00e9cnico de Atividades e Opera\u00e7\u00f5es Insalubres<\/a>\n\t\t\t\t\t<\/div>\n\t\t\t\t\t<div id=\"elementor-tab-content-1312\" class=\"elementor-tab-content elementor-clearfix\" data-tab=\"2\" role=\"region\" aria-labelledby=\"elementor-tab-title-1312\"><p>Elabora\u00e7\u00e3o de Laudo T\u00e9cnico visando identificar as opera\u00e7\u00f5es e ou atividades insalubres, assim como propor medidas no sentido de reduzir ou eliminar os agentes insalubres.<\/p><p>\u00a0\u00a0\u00a0\u00a0\u00a0\u00a0\u00a0\u00a0\u00a0\u00a0\u00a0 Fundamento legal:<\/p><ul><li>Consolida\u00e7\u00e3o das Leis do Trabalho \u2013 CLT, art. 189 a 192 e 194 a 197<\/li><li>Portaria do Minist\u00e9rio do Trabalho n\u00ba 3.214\/78, NR 15<\/li><\/ul><\/div>\n\t\t\t\t<\/div>\n\t\t\t\t\t\t\t<div class=\"elementor-accordion-item\">\n\t\t\t\t\t<div id=\"elementor-tab-title-1313\" class=\"elementor-tab-title\" data-tab=\"3\" role=\"button\" aria-controls=\"elementor-tab-content-1313\" aria-expanded=\"false\">\n\t\t\t\t\t\t\t\t\t\t\t\t\t<span class=\"elementor-accordion-icon elementor-accordion-icon-right\" aria-hidden=\"true\">\n\t\t\t\t\t\t\t\t\t\t\t\t\t\t\t<span class=\"elementor-accordion-icon-closed\"><i class=\"fas fa-caret-left\"><\/i><\/span>\n\t\t\t\t\t\t\t\t<span class=\"elementor-accordion-icon-opened\"><\/span>\n\t\t\t\t\t\t\t\t\t\t\t\t\t\t<\/span>\n\t\t\t\t\t\t\t\t\t\t\t\t<a class=\"elementor-accordion-title\" tabindex=\"0\">Laudos T\u00e9cnico de Atividades e Opera\u00e7\u00f5es Perigosas<\/a>\n\t\t\t\t\t<\/div>\n\t\t\t\t\t<div id=\"elementor-tab-content-1313\" class=\"elementor-tab-content elementor-clearfix\" data-tab=\"3\" role=\"region\" aria-labelledby=\"elementor-tab-title-1313\"><div class=\"entry\"><div><p>Elabora\u00e7\u00e3o de Laudo T\u00e9cnico visando identificar as opera\u00e7\u00f5es e ou atividades perigosas, assim como propor medidas no sentido de reduzir ou eliminar os agentes perigosos.<\/p><p>Fundamento legal:<\/p><ul><li>Lei n\u00ba 7.369\/85 e decreto n\u00ba 93.412\/86<\/li><li>Consolida\u00e7\u00e3o das Leis do Trabalho \u2013 CLT, art. 193 a 197<\/li><li>Portaria do Minist\u00e9rio do Trabalho n\u00ba 3.214\/78, NR 16<\/li><li>Portaria do Minist\u00e9rio do Trabalho n\u00ba 496\/2002<\/li><\/ul><\/div><\/div><p>\u00a0<\/p><\/div>\n\t\t\t\t<\/div>\n\t\t\t\t\t\t\t<div class=\"elementor-accordion-item\">\n\t\t\t\t\t<div id=\"elementor-tab-title-1314\" class=\"elementor-tab-title\" data-tab=\"4\" role=\"button\" aria-controls=\"elementor-tab-content-1314\" aria-expanded=\"false\">\n\t\t\t\t\t\t\t\t\t\t\t\t\t<span class=\"elementor-accordion-icon elementor-accordion-icon-right\" aria-hidden=\"true\">\n\t\t\t\t\t\t\t\t\t\t\t\t\t\t\t<span class=\"elementor-accordion-icon-closed\"><i class=\"fas fa-caret-left\"><\/i><\/span>\n\t\t\t\t\t\t\t\t<span class=\"elementor-accordion-icon-opened\"><\/span>\n\t\t\t\t\t\t\t\t\t\t\t\t\t\t<\/span>\n\t\t\t\t\t\t\t\t\t\t\t\t<a class=\"elementor-accordion-title\" tabindex=\"0\">Medidas para Preven\u00e7\u00e3o de Acidentes do Trabalho<\/a>\n\t\t\t\t\t<\/div>\n\t\t\t\t\t<div id=\"elementor-tab-content-1314\" class=\"elementor-tab-content elementor-clearfix\" data-tab=\"4\" role=\"region\" aria-labelledby=\"elementor-tab-title-1314\"><div class=\"entry\"><div><p>Todas as empresas s\u00e3o respons\u00e1veis pelos riscos de acidentes ou doen\u00e7as do trabalho ficam afetos seus trabalhadores. O simples n\u00e3o cumprimentos nas normas de seguran\u00e7a e sa\u00fade do trabalho \u00e9 entendido com culpa do empregador. Deste modo as empresas devem adotar medidas preventivas para evitar acidentes ou doen\u00e7as decorrentes dos ambientes do trabalho. A legisla\u00e7\u00e3o considera como contraven\u00e7\u00e3o penal, pun\u00edvel com multa o n\u00e3o cumprimento das normas de seguran\u00e7a do trabalho.<\/p><ul><li>Constitui\u00e7\u00e3o Federal de 1.988, art. 7\u00ba, inciso XXII<\/li><li>Consolida\u00e7\u00e3o das Leis do Trabalho \u2013 CLT, art. 157<\/li><li>Portaria do Minist\u00e9rio do Trabalho n\u00ba 3.214\/78<\/li><li>Lei n\u00ba 8.213\/91, art. 19, \u00a7 2\u00ba<\/li><\/ul><\/div><\/div><p>\u00a0<\/p><\/div>\n\t\t\t\t<\/div>\n\t\t\t\t\t\t\t<div class=\"elementor-accordion-item\">\n\t\t\t\t\t<div id=\"elementor-tab-title-1315\" class=\"elementor-tab-title\" data-tab=\"5\" role=\"button\" aria-controls=\"elementor-tab-content-1315\" aria-expanded=\"false\">\n\t\t\t\t\t\t\t\t\t\t\t\t\t<span class=\"elementor-accordion-icon elementor-accordion-icon-right\" aria-hidden=\"true\">\n\t\t\t\t\t\t\t\t\t\t\t\t\t\t\t<span class=\"elementor-accordion-icon-closed\"><i class=\"fas fa-caret-left\"><\/i><\/span>\n\t\t\t\t\t\t\t\t<span class=\"elementor-accordion-icon-opened\"><\/span>\n\t\t\t\t\t\t\t\t\t\t\t\t\t\t<\/span>\n\t\t\t\t\t\t\t\t\t\t\t\t<a class=\"elementor-accordion-title\" tabindex=\"0\">Perfil Profissiogr\u00e1fico Previdenci\u00e1rio \u2013 PPP<\/a>\n\t\t\t\t\t<\/div>\n\t\t\t\t\t<div id=\"elementor-tab-content-1315\" class=\"elementor-tab-content elementor-clearfix\" data-tab=\"5\" role=\"region\" aria-labelledby=\"elementor-tab-title-1315\"><p>O Perfil Profissiogr\u00e1fico Previdenci\u00e1rio \u00e9 obrigat\u00f3rio para todas as empregas que tem empregados desde a edi\u00e7\u00e3o da MP 1523\/86, convertida atrav\u00e9s da lei n\u00ba 9.528\/97). Este documento deve ser preenchido com base no Laudo T\u00e9cnico de Condi\u00e7\u00f5es Ambientais do Trabalho \u2013 LTCAT.<\/p><p>Fundamento legal:<\/p><ul><li>Lei n\u00ba 8.213\/91, art. 57<\/li><li>Decreto n\u00ba 3.048\/99, que a aprovou o RPS, art. n\u00ba 68<\/li><\/ul><\/div>\n\t\t\t\t<\/div>\n\t\t\t\t\t\t\t<div class=\"elementor-accordion-item\">\n\t\t\t\t\t<div id=\"elementor-tab-title-1316\" class=\"elementor-tab-title\" data-tab=\"6\" role=\"button\" aria-controls=\"elementor-tab-content-1316\" aria-expanded=\"false\">\n\t\t\t\t\t\t\t\t\t\t\t\t\t<span class=\"elementor-accordion-icon elementor-accordion-icon-right\" aria-hidden=\"true\">\n\t\t\t\t\t\t\t\t\t\t\t\t\t\t\t<span class=\"elementor-accordion-icon-closed\"><i class=\"fas fa-caret-left\"><\/i><\/span>\n\t\t\t\t\t\t\t\t<span class=\"elementor-accordion-icon-opened\"><\/span>\n\t\t\t\t\t\t\t\t\t\t\t\t\t\t<\/span>\n\t\t\t\t\t\t\t\t\t\t\t\t<a class=\"elementor-accordion-title\" tabindex=\"0\">PGR (Programa de Gerenciamento de Riscos)<\/a>\n\t\t\t\t\t<\/div>\n\t\t\t\t\t<div id=\"elementor-tab-content-1316\" class=\"elementor-tab-content elementor-clearfix\" data-tab=\"6\" role=\"region\" aria-labelledby=\"elementor-tab-title-1316\"><p>O Programa de Gerenciamento de Risco (PGR), como o pr\u00f3prio nome sugere, \u00e9 um programa adotado pelas organiza\u00e7\u00f5es com o intuito de gerenciar os riscos existentes no local de suas atividades.<\/p><p><br \/>No \u00e2mbito da seguran\u00e7a no trabalho, os riscos ambientais s\u00e3o, risco f\u00edsico, qu\u00edmico, biol\u00f3gico, ergon\u00f4mico e de acidentes, ao qual o programa pode e deve ser baseado, para partir desse conceito, tomar atitudes em rela\u00e7\u00e3o ao que possa servir como um tipo de amea\u00e7a.<\/p><\/div>\n\t\t\t\t<\/div>\n\t\t\t\t\t\t\t\t<\/div>\n\t\t\t\t\t\t<\/div>\n\t\t\t\t<\/div>\n\t\t\t\t\t<\/div>\n\t\t<\/div>\n\t\t\t\t\t<\/div>\n\t\t<\/section>\n\t\t\t\t\t<\/div>\n\t\t<\/div>\n\t\t\t\t\t<\/div>\n\t\t<\/section>\n\t\t\t\t<section class=\"elementor-section elementor-top-section elementor-element elementor-element-21a4c55 elementor-section-content-top elementor-section-full_width elementor-section-height-default elementor-section-height-default\" data-id=\"21a4c55\" data-element_type=\"section\" data-settings=\"{&quot;background_background&quot;:&quot;classic&quot;}\">\n\t\t\t\t\t\t\t<div class=\"elementor-background-overlay\"><\/div>\n\t\t\t\t\t\t\t<div class=\"elementor-container elementor-column-gap-no\">\n\t\t\t\t\t<div class=\"elementor-column elementor-col-100 elementor-top-column elementor-element elementor-element-fac9f27\" data-id=\"fac9f27\" data-element_type=\"column\">\n\t\t\t<div class=\"elementor-widget-wrap elementor-element-populated\">\n\t\t\t\t\t\t<div class=\"elementor-element elementor-element-8993f19 elementor-widget elementor-widget-menu-anchor\" data-id=\"8993f19\" data-element_type=\"widget\" data-widget_type=\"menu-anchor.default\">\n\t\t\t\t<div class=\"elementor-widget-container\">\n\t\t\t\t\t\t\t<div class=\"elementor-menu-anchor\" id=\"tp\"><\/div>\n\t\t\t\t\t\t<\/div>\n\t\t\t\t<\/div>\n\t\t\t\t<div class=\"elementor-element elementor-element-6c31316 elementor-widget elementor-widget-heading\" data-id=\"6c31316\" data-element_type=\"widget\" data-widget_type=\"heading.default\">\n\t\t\t\t<div class=\"elementor-widget-container\">\n\t\t\t\t\t<h2 class=\"elementor-heading-title elementor-size-default\">Cursos, palestras e treinamentos<\/h2>\t\t\t\t<\/div>\n\t\t\t\t<\/div>\n\t\t\t\t<div class=\"elementor-element elementor-element-e5e0b49 elementor-widget elementor-widget-text-editor\" data-id=\"e5e0b49\" data-element_type=\"widget\" data-widget_type=\"text-editor.default\">\n\t\t\t\t<div class=\"elementor-widget-container\">\n\t\t\t\t\t\t\t\t\t<p>Ministrar palestras, curso e treinamentos aos trabalhadores e gestores conforme necessidades de cada cliente, visando a conscientiza\u00e7\u00e3o dos trabalhadores e supervis\u00e3o no sentido de evitar acidentes de trabalho e de meio ambiente, melhoria das condi\u00e7\u00f5es de trabalho e preven\u00e7\u00e3o ambiental.<\/p><p>Entre eles destacamos alguns cursos oferecidos:<\/p><ul><li>Palestras e organiza\u00e7\u00e3o da Semana Interna de Preven\u00e7\u00e3o de Acidentes \u2013 SIPAT;<\/li><li>Treinamentos de Gest\u00e3o de Res\u00edduos;<\/li><li>Treinamento de boas pr\u00e1ticas em seguran\u00e7a do trabalho e meio ambiente;<\/li><li>Palestras e consultoria t\u00e9cnica sobre coleta seletiva em escolas, condom\u00ednios e outras institui\u00e7\u00f5es;<\/li><li>Treinamento de Uso adequado de Equipamentos de Prote\u00e7\u00e3o Individual \u2013 EPIs;<\/li><li>Treinamentos sobre o Sistema MTR Online (cadastro, manuseio e utiliza\u00e7\u00e3o do sistema de Manifesto de Transporte de Res\u00edduos);<\/li><li>Palestras e Procedimentos de seguran\u00e7a e preven\u00e7\u00e3o \u00e0 contamina\u00e7\u00e3o por COVID 19.<\/li><\/ul>\t\t\t\t\t\t\t\t<\/div>\n\t\t\t\t<\/div>\n\t\t\t\t<div class=\"elementor-element elementor-element-eaf64e3 elementor-widget elementor-widget-gallery\" data-id=\"eaf64e3\" data-element_type=\"widget\" data-settings=\"{&quot;gallery_layout&quot;:&quot;masonry&quot;,&quot;columns_mobile&quot;:3,&quot;lazyload&quot;:&quot;yes&quot;,&quot;columns&quot;:4,&quot;columns_tablet&quot;:2,&quot;gap&quot;:{&quot;unit&quot;:&quot;px&quot;,&quot;size&quot;:10,&quot;sizes&quot;:[]},&quot;gap_tablet&quot;:{&quot;unit&quot;:&quot;px&quot;,&quot;size&quot;:10,&quot;sizes&quot;:[]},&quot;gap_mobile&quot;:{&quot;unit&quot;:&quot;px&quot;,&quot;size&quot;:10,&quot;sizes&quot;:[]},&quot;link_to&quot;:&quot;file&quot;,&quot;overlay_background&quot;:&quot;yes&quot;,&quot;content_hover_animation&quot;:&quot;fade-in&quot;}\" data-widget_type=\"gallery.default\">\n\t\t\t\t<div class=\"elementor-widget-container\">\n\t\t\t\t\t\t\t<div class=\"elementor-gallery__container\">\n\t\t\t\t\t\t\t<a class=\"e-gallery-item elementor-gallery-item elementor-animated-content\" href=\"https:\/\/mundoambiente.eng.br\/wp-content\/uploads\/2021\/06\/85226948_1623602607778531_7211241182221828096_n.jpg\" data-elementor-open-lightbox=\"yes\" data-elementor-lightbox-slideshow=\"all-eaf64e3\" data-elementor-lightbox-title=\"85226948_1623602607778531_7211241182221828096_n\" data-e-action-hash=\"#elementor-action%3Aaction%3Dlightbox%26settings%3DeyJpZCI6MjQ5MjAsInVybCI6Imh0dHBzOlwvXC9tdW5kb2FtYmllbnRlLmVuZy5iclwvd3AtY29udGVudFwvdXBsb2Fkc1wvMjAyMVwvMDZcLzg1MjI2OTQ4XzE2MjM2MDI2MDc3Nzg1MzFfNzIxMTI0MTE4MjIyMTgyODA5Nl9uLmpwZyIsInNsaWRlc2hvdyI6ImFsbC1lYWY2NGUzIn0%3D\">\n\t\t\t\t\t<div class=\"e-gallery-image elementor-gallery-item__image\" data-thumbnail=\"https:\/\/mundoambiente.eng.br\/wp-content\/uploads\/2021\/06\/85226948_1623602607778531_7211241182221828096_n-300x237.jpg\" data-width=\"300\" data-height=\"237\" alt=\"\" ><\/div>\n\t\t\t\t\t\t\t\t\t\t\t<div class=\"elementor-gallery-item__overlay\"><\/div>\n\t\t\t\t\t\t\t\t\t\t\t\t\t\t<\/a>\n\t\t\t\t\t\t\t<a class=\"e-gallery-item elementor-gallery-item elementor-animated-content\" href=\"https:\/\/mundoambiente.eng.br\/wp-content\/uploads\/2021\/06\/WhatsApp-Image-2021-06-10-at-14.27.14.jpeg\" data-elementor-open-lightbox=\"yes\" data-elementor-lightbox-slideshow=\"all-eaf64e3\" data-elementor-lightbox-title=\"WhatsApp Image 2021-06-10 at 14.27.14\" data-e-action-hash=\"#elementor-action%3Aaction%3Dlightbox%26settings%3DeyJpZCI6MjQ5MjMsInVybCI6Imh0dHBzOlwvXC9tdW5kb2FtYmllbnRlLmVuZy5iclwvd3AtY29udGVudFwvdXBsb2Fkc1wvMjAyMVwvMDZcL1doYXRzQXBwLUltYWdlLTIwMjEtMDYtMTAtYXQtMTQuMjcuMTQuanBlZyIsInNsaWRlc2hvdyI6ImFsbC1lYWY2NGUzIn0%3D\">\n\t\t\t\t\t<div class=\"e-gallery-image elementor-gallery-item__image\" data-thumbnail=\"https:\/\/mundoambiente.eng.br\/wp-content\/uploads\/2021\/06\/WhatsApp-Image-2021-06-10-at-14.27.14-300x168.jpeg\" data-width=\"300\" data-height=\"168\" alt=\"\" ><\/div>\n\t\t\t\t\t\t\t\t\t\t\t<div class=\"elementor-gallery-item__overlay\"><\/div>\n\t\t\t\t\t\t\t\t\t\t\t\t\t\t<\/a>\n\t\t\t\t\t\t\t<a class=\"e-gallery-item elementor-gallery-item elementor-animated-content\" href=\"https:\/\/mundoambiente.eng.br\/wp-content\/uploads\/2021\/06\/129505396_1908893162582806_3555875822085052640_n.jpg\" data-elementor-open-lightbox=\"yes\" data-elementor-lightbox-slideshow=\"all-eaf64e3\" data-elementor-lightbox-title=\"129505396_1908893162582806_3555875822085052640_n\" data-e-action-hash=\"#elementor-action%3Aaction%3Dlightbox%26settings%3DeyJpZCI6MjQ5MjIsInVybCI6Imh0dHBzOlwvXC9tdW5kb2FtYmllbnRlLmVuZy5iclwvd3AtY29udGVudFwvdXBsb2Fkc1wvMjAyMVwvMDZcLzEyOTUwNTM5Nl8xOTA4ODkzMTYyNTgyODA2XzM1NTU4NzU4MjIwODUwNTI2NDBfbi5qcGciLCJzbGlkZXNob3ciOiJhbGwtZWFmNjRlMyJ9\">\n\t\t\t\t\t<div class=\"e-gallery-image elementor-gallery-item__image\" data-thumbnail=\"https:\/\/mundoambiente.eng.br\/wp-content\/uploads\/2021\/06\/129505396_1908893162582806_3555875822085052640_n-300x300.jpg\" data-width=\"300\" data-height=\"300\" alt=\"\" ><\/div>\n\t\t\t\t\t\t\t\t\t\t\t<div class=\"elementor-gallery-item__overlay\"><\/div>\n\t\t\t\t\t\t\t\t\t\t\t\t\t\t<\/a>\n\t\t\t\t\t\t\t<a class=\"e-gallery-item elementor-gallery-item elementor-animated-content\" href=\"https:\/\/mundoambiente.eng.br\/wp-content\/uploads\/2021\/05\/CIMG4750.jpg\" data-elementor-open-lightbox=\"yes\" data-elementor-lightbox-slideshow=\"all-eaf64e3\" data-elementor-lightbox-title=\"CIMG4750\" data-e-action-hash=\"#elementor-action%3Aaction%3Dlightbox%26settings%3DeyJpZCI6MjQ3NDUsInVybCI6Imh0dHBzOlwvXC9tdW5kb2FtYmllbnRlLmVuZy5iclwvd3AtY29udGVudFwvdXBsb2Fkc1wvMjAyMVwvMDVcL0NJTUc0NzUwLmpwZyIsInNsaWRlc2hvdyI6ImFsbC1lYWY2NGUzIn0%3D\">\n\t\t\t\t\t<div class=\"e-gallery-image elementor-gallery-item__image\" data-thumbnail=\"https:\/\/mundoambiente.eng.br\/wp-content\/uploads\/2021\/05\/CIMG4750-300x225.jpg\" data-width=\"300\" data-height=\"225\" alt=\"\" ><\/div>\n\t\t\t\t\t\t\t\t\t\t\t<div class=\"elementor-gallery-item__overlay\"><\/div>\n\t\t\t\t\t\t\t\t\t\t\t\t\t\t<\/a>\n\t\t\t\t\t\t\t<a class=\"e-gallery-item elementor-gallery-item elementor-animated-content\" href=\"https:\/\/mundoambiente.eng.br\/wp-content\/uploads\/2021\/06\/WhatsApp-Image-2021-06-11-at-15.30.03.jpeg\" data-elementor-open-lightbox=\"yes\" data-elementor-lightbox-slideshow=\"all-eaf64e3\" data-elementor-lightbox-title=\"WhatsApp Image 2021-06-11 at 15.30.03\" data-e-action-hash=\"#elementor-action%3Aaction%3Dlightbox%26settings%3DeyJpZCI6MjQ5MzQsInVybCI6Imh0dHBzOlwvXC9tdW5kb2FtYmllbnRlLmVuZy5iclwvd3AtY29udGVudFwvdXBsb2Fkc1wvMjAyMVwvMDZcL1doYXRzQXBwLUltYWdlLTIwMjEtMDYtMTEtYXQtMTUuMzAuMDMuanBlZyIsInNsaWRlc2hvdyI6ImFsbC1lYWY2NGUzIn0%3D\">\n\t\t\t\t\t<div class=\"e-gallery-image elementor-gallery-item__image\" data-thumbnail=\"https:\/\/mundoambiente.eng.br\/wp-content\/uploads\/2021\/06\/WhatsApp-Image-2021-06-11-at-15.30.03-300x225.jpeg\" data-width=\"300\" data-height=\"225\" alt=\"\" ><\/div>\n\t\t\t\t\t\t\t\t\t\t\t<div class=\"elementor-gallery-item__overlay\"><\/div>\n\t\t\t\t\t\t\t\t\t\t\t\t\t\t<\/a>\n\t\t\t\t\t\t\t<a class=\"e-gallery-item elementor-gallery-item elementor-animated-content\" href=\"https:\/\/mundoambiente.eng.br\/wp-content\/uploads\/2021\/06\/86384580_2759010247523968_8878123504537436160_n.jpg\" data-elementor-open-lightbox=\"yes\" data-elementor-lightbox-slideshow=\"all-eaf64e3\" data-elementor-lightbox-title=\"86384580_2759010247523968_8878123504537436160_n\" data-e-action-hash=\"#elementor-action%3Aaction%3Dlightbox%26settings%3DeyJpZCI6MjQ5MjEsInVybCI6Imh0dHBzOlwvXC9tdW5kb2FtYmllbnRlLmVuZy5iclwvd3AtY29udGVudFwvdXBsb2Fkc1wvMjAyMVwvMDZcLzg2Mzg0NTgwXzI3NTkwMTAyNDc1MjM5NjhfODg3ODEyMzUwNDUzNzQzNjE2MF9uLmpwZyIsInNsaWRlc2hvdyI6ImFsbC1lYWY2NGUzIn0%3D\">\n\t\t\t\t\t<div class=\"e-gallery-image elementor-gallery-item__image\" data-thumbnail=\"https:\/\/mundoambiente.eng.br\/wp-content\/uploads\/2021\/06\/86384580_2759010247523968_8878123504537436160_n-300x225.jpg\" data-width=\"300\" data-height=\"225\" alt=\"\" ><\/div>\n\t\t\t\t\t\t\t\t\t\t\t<div class=\"elementor-gallery-item__overlay\"><\/div>\n\t\t\t\t\t\t\t\t\t\t\t\t\t\t<\/a>\n\t\t\t\t\t\t\t<a class=\"e-gallery-item elementor-gallery-item elementor-animated-content\" href=\"https:\/\/mundoambiente.eng.br\/wp-content\/uploads\/2021\/06\/WhatsApp-Image-2021-06-11-at-15.30.53.jpeg\" data-elementor-open-lightbox=\"yes\" data-elementor-lightbox-slideshow=\"all-eaf64e3\" data-elementor-lightbox-title=\"WhatsApp Image 2021-06-11 at 15.30.53\" data-e-action-hash=\"#elementor-action%3Aaction%3Dlightbox%26settings%3DeyJpZCI6MjQ5MzMsInVybCI6Imh0dHBzOlwvXC9tdW5kb2FtYmllbnRlLmVuZy5iclwvd3AtY29udGVudFwvdXBsb2Fkc1wvMjAyMVwvMDZcL1doYXRzQXBwLUltYWdlLTIwMjEtMDYtMTEtYXQtMTUuMzAuNTMuanBlZyIsInNsaWRlc2hvdyI6ImFsbC1lYWY2NGUzIn0%3D\">\n\t\t\t\t\t<div class=\"e-gallery-image elementor-gallery-item__image\" data-thumbnail=\"https:\/\/mundoambiente.eng.br\/wp-content\/uploads\/2021\/06\/WhatsApp-Image-2021-06-11-at-15.30.53-300x225.jpeg\" data-width=\"300\" data-height=\"225\" alt=\"\" ><\/div>\n\t\t\t\t\t\t\t\t\t\t\t<div class=\"elementor-gallery-item__overlay\"><\/div>\n\t\t\t\t\t\t\t\t\t\t\t\t\t\t<\/a>\n\t\t\t\t\t\t\t<a class=\"e-gallery-item elementor-gallery-item elementor-animated-content\" href=\"https:\/\/mundoambiente.eng.br\/wp-content\/uploads\/2021\/06\/WhatsApp-Image-2021-06-10-at-14.27.15.jpeg\" data-elementor-open-lightbox=\"yes\" data-elementor-lightbox-slideshow=\"all-eaf64e3\" data-elementor-lightbox-title=\"WhatsApp Image 2021-06-10 at 14.27.15\" data-e-action-hash=\"#elementor-action%3Aaction%3Dlightbox%26settings%3DeyJpZCI6MjQ5MjUsInVybCI6Imh0dHBzOlwvXC9tdW5kb2FtYmllbnRlLmVuZy5iclwvd3AtY29udGVudFwvdXBsb2Fkc1wvMjAyMVwvMDZcL1doYXRzQXBwLUltYWdlLTIwMjEtMDYtMTAtYXQtMTQuMjcuMTUuanBlZyIsInNsaWRlc2hvdyI6ImFsbC1lYWY2NGUzIn0%3D\">\n\t\t\t\t\t<div class=\"e-gallery-image elementor-gallery-item__image\" data-thumbnail=\"https:\/\/mundoambiente.eng.br\/wp-content\/uploads\/2021\/06\/WhatsApp-Image-2021-06-10-at-14.27.15-300x168.jpeg\" data-width=\"300\" data-height=\"168\" alt=\"\" ><\/div>\n\t\t\t\t\t\t\t\t\t\t\t<div class=\"elementor-gallery-item__overlay\"><\/div>\n\t\t\t\t\t\t\t\t\t\t\t\t\t\t<\/a>\n\t\t\t\t\t\t\t<a class=\"e-gallery-item elementor-gallery-item elementor-animated-content\" href=\"https:\/\/mundoambiente.eng.br\/wp-content\/uploads\/2021\/05\/DSC03917.jpg\" data-elementor-open-lightbox=\"yes\" data-elementor-lightbox-slideshow=\"all-eaf64e3\" data-elementor-lightbox-title=\"DSC03917\" data-e-action-hash=\"#elementor-action%3Aaction%3Dlightbox%26settings%3DeyJpZCI6MjQ3NDcsInVybCI6Imh0dHBzOlwvXC9tdW5kb2FtYmllbnRlLmVuZy5iclwvd3AtY29udGVudFwvdXBsb2Fkc1wvMjAyMVwvMDVcL0RTQzAzOTE3LmpwZyIsInNsaWRlc2hvdyI6ImFsbC1lYWY2NGUzIn0%3D\">\n\t\t\t\t\t<div class=\"e-gallery-image elementor-gallery-item__image\" data-thumbnail=\"https:\/\/mundoambiente.eng.br\/wp-content\/uploads\/2021\/05\/DSC03917-300x225.jpg\" data-width=\"300\" data-height=\"225\" alt=\"\" ><\/div>\n\t\t\t\t\t\t\t\t\t\t\t<div class=\"elementor-gallery-item__overlay\"><\/div>\n\t\t\t\t\t\t\t\t\t\t\t\t\t\t<\/a>\n\t\t\t\t\t\t\t<a class=\"e-gallery-item elementor-gallery-item elementor-animated-content\" href=\"https:\/\/mundoambiente.eng.br\/wp-content\/uploads\/2021\/05\/CIMG4761.jpg\" data-elementor-open-lightbox=\"yes\" data-elementor-lightbox-slideshow=\"all-eaf64e3\" data-elementor-lightbox-title=\"CIMG4761\" data-e-action-hash=\"#elementor-action%3Aaction%3Dlightbox%26settings%3DeyJpZCI6MjQ3NDYsInVybCI6Imh0dHBzOlwvXC9tdW5kb2FtYmllbnRlLmVuZy5iclwvd3AtY29udGVudFwvdXBsb2Fkc1wvMjAyMVwvMDVcL0NJTUc0NzYxLmpwZyIsInNsaWRlc2hvdyI6ImFsbC1lYWY2NGUzIn0%3D\">\n\t\t\t\t\t<div class=\"e-gallery-image elementor-gallery-item__image\" data-thumbnail=\"https:\/\/mundoambiente.eng.br\/wp-content\/uploads\/2021\/05\/CIMG4761-300x225.jpg\" data-width=\"300\" data-height=\"225\" alt=\"\" ><\/div>\n\t\t\t\t\t\t\t\t\t\t\t<div class=\"elementor-gallery-item__overlay\"><\/div>\n\t\t\t\t\t\t\t\t\t\t\t\t\t\t<\/a>\n\t\t\t\t\t\t\t<a class=\"e-gallery-item elementor-gallery-item elementor-animated-content\" href=\"https:\/\/mundoambiente.eng.br\/wp-content\/uploads\/2021\/05\/CIMG4517-e1623451312304.jpg\" data-elementor-open-lightbox=\"yes\" data-elementor-lightbox-slideshow=\"all-eaf64e3\" data-elementor-lightbox-title=\"CIMG4517\" data-e-action-hash=\"#elementor-action%3Aaction%3Dlightbox%26settings%3DeyJpZCI6MjQ3NDQsInVybCI6Imh0dHBzOlwvXC9tdW5kb2FtYmllbnRlLmVuZy5iclwvd3AtY29udGVudFwvdXBsb2Fkc1wvMjAyMVwvMDVcL0NJTUc0NTE3LWUxNjIzNDUxMzEyMzA0LmpwZyIsInNsaWRlc2hvdyI6ImFsbC1lYWY2NGUzIn0%3D\">\n\t\t\t\t\t<div class=\"e-gallery-image elementor-gallery-item__image\" data-thumbnail=\"https:\/\/mundoambiente.eng.br\/wp-content\/uploads\/2021\/05\/CIMG4517-e1623451312304-300x193.jpg\" data-width=\"300\" data-height=\"193\" alt=\"\" ><\/div>\n\t\t\t\t\t\t\t\t\t\t\t<div class=\"elementor-gallery-item__overlay\"><\/div>\n\t\t\t\t\t\t\t\t\t\t\t\t\t\t<\/a>\n\t\t\t\t\t\t\t<a class=\"e-gallery-item elementor-gallery-item elementor-animated-content\" href=\"https:\/\/mundoambiente.eng.br\/wp-content\/uploads\/2021\/05\/CIMG4503-e1623451298541.jpg\" data-elementor-open-lightbox=\"yes\" data-elementor-lightbox-slideshow=\"all-eaf64e3\" data-elementor-lightbox-title=\"CIMG4503\" data-e-action-hash=\"#elementor-action%3Aaction%3Dlightbox%26settings%3DeyJpZCI6MjQ3NDEsInVybCI6Imh0dHBzOlwvXC9tdW5kb2FtYmllbnRlLmVuZy5iclwvd3AtY29udGVudFwvdXBsb2Fkc1wvMjAyMVwvMDVcL0NJTUc0NTAzLWUxNjIzNDUxMjk4NTQxLmpwZyIsInNsaWRlc2hvdyI6ImFsbC1lYWY2NGUzIn0%3D\">\n\t\t\t\t\t<div class=\"e-gallery-image elementor-gallery-item__image\" data-thumbnail=\"https:\/\/mundoambiente.eng.br\/wp-content\/uploads\/2021\/05\/CIMG4503-e1623451298541-300x187.jpg\" data-width=\"300\" data-height=\"187\" alt=\"\" ><\/div>\n\t\t\t\t\t\t\t\t\t\t\t<div class=\"elementor-gallery-item__overlay\"><\/div>\n\t\t\t\t\t\t\t\t\t\t\t\t\t\t<\/a>\n\t\t\t\t\t\t\t<a class=\"e-gallery-item elementor-gallery-item elementor-animated-content\" href=\"https:\/\/mundoambiente.eng.br\/wp-content\/uploads\/2021\/06\/WhatsApp-Image-2021-06-10-at-14.27.15-1.jpeg\" data-elementor-open-lightbox=\"yes\" data-elementor-lightbox-slideshow=\"all-eaf64e3\" data-elementor-lightbox-title=\"WhatsApp Image 2021-06-10 at 14.27.15 (1)\" data-e-action-hash=\"#elementor-action%3Aaction%3Dlightbox%26settings%3DeyJpZCI6MjQ5MjQsInVybCI6Imh0dHBzOlwvXC9tdW5kb2FtYmllbnRlLmVuZy5iclwvd3AtY29udGVudFwvdXBsb2Fkc1wvMjAyMVwvMDZcL1doYXRzQXBwLUltYWdlLTIwMjEtMDYtMTAtYXQtMTQuMjcuMTUtMS5qcGVnIiwic2xpZGVzaG93IjoiYWxsLWVhZjY0ZTMifQ%3D%3D\">\n\t\t\t\t\t<div class=\"e-gallery-image elementor-gallery-item__image\" data-thumbnail=\"https:\/\/mundoambiente.eng.br\/wp-content\/uploads\/2021\/06\/WhatsApp-Image-2021-06-10-at-14.27.15-1-300x188.jpeg\" data-width=\"300\" data-height=\"188\" alt=\"\" ><\/div>\n\t\t\t\t\t\t\t\t\t\t\t<div class=\"elementor-gallery-item__overlay\"><\/div>\n\t\t\t\t\t\t\t\t\t\t\t\t\t\t<\/a>\n\t\t\t\t\t<\/div>\n\t\t\t\t\t<\/div>\n\t\t\t\t<\/div>\n\t\t\t\t\t<\/div>\n\t\t<\/div>\n\t\t\t\t\t<\/div>\n\t\t<\/section>\n\t\t\t\t<\/div>\n\t\t","protected":false},"excerpt":{"rendered":"<p>Meio Ambiente An\u00e1lise Preliminar de Risco (APR) A utiliza\u00e7\u00e3o da An\u00e1lise de Riscos, em atividades industriais ou n\u00e3o, tem como objetivo minimizar o potencial de ocorr\u00eancia de acidentes, utilizando t\u00e9cnicas de preven\u00e7\u00e3o e\/ou de prote\u00e7\u00e3o. Com o desenvolvimento da era industrial p\u00f3s-guerra e, principalmente, das ind\u00fastrias qu\u00edmicas e petroqu\u00edmicas, os potenciais de risco presentes em [&hellip;]<\/p>\n","protected":false},"author":1,"featured_media":0,"parent":0,"menu_order":0,"comment_status":"closed","ping_status":"open","template":"","meta":{"site-sidebar-layout":"no-sidebar","site-content-layout":"page-builder","ast-site-content-layout":"default","site-content-style":"default","site-sidebar-style":"default","ast-global-header-display":"","ast-banner-title-visibility":"","ast-main-header-display":"","ast-hfb-above-header-display":"","ast-hfb-below-header-display":"","ast-hfb-mobile-header-display":"","site-post-title":"disabled","ast-breadcrumbs-content":"","ast-featured-img":"disabled","footer-sml-layout":"","ast-disable-related-posts":"","theme-transparent-header-meta":"default","adv-header-id-meta":"","stick-header-meta":"","header-above-stick-meta":"","header-main-stick-meta":"","header-below-stick-meta":"","astra-migrate-meta-layouts":"default","ast-page-background-enabled":"default","ast-page-background-meta":{"desktop":{"background-color":"","background-image":"","background-repeat":"repeat","background-position":"center center","background-size":"auto","background-attachment":"scroll","background-type":"","background-media":"","overlay-type":"","overlay-color":"","overlay-opacity":"","overlay-gradient":""},"tablet":{"background-color":"","background-image":"","background-repeat":"repeat","background-position":"center center","background-size":"auto","background-attachment":"scroll","background-type":"","background-media":"","overlay-type":"","overlay-color":"","overlay-opacity":"","overlay-gradient":""},"mobile":{"background-color":"","background-image":"","background-repeat":"repeat","background-position":"center center","background-size":"auto","background-attachment":"scroll","background-type":"","background-media":"","overlay-type":"","overlay-color":"","overlay-opacity":"","overlay-gradient":""}},"ast-content-background-meta":{"desktop":{"background-color":"var(--ast-global-color-5)","background-image":"","background-repeat":"repeat","background-position":"center center","background-size":"auto","background-attachment":"scroll","background-type":"","background-media":"","overlay-type":"","overlay-color":"","overlay-opacity":"","overlay-gradient":""},"tablet":{"background-color":"var(--ast-global-color-5)","background-image":"","background-repeat":"repeat","background-position":"center center","background-size":"auto","background-attachment":"scroll","background-type":"","background-media":"","overlay-type":"","overlay-color":"","overlay-opacity":"","overlay-gradient":""},"mobile":{"background-color":"var(--ast-global-color-5)","background-image":"","background-repeat":"repeat","background-position":"center center","background-size":"auto","background-attachment":"scroll","background-type":"","background-media":"","overlay-type":"","overlay-color":"","overlay-opacity":"","overlay-gradient":""}},"footnotes":""},"class_list":["post-24254","page","type-page","status-publish","hentry"],"_links":{"self":[{"href":"https:\/\/mundoambiente.eng.br\/index.php?rest_route=\/wp\/v2\/pages\/24254","targetHints":{"allow":["GET"]}}],"collection":[{"href":"https:\/\/mundoambiente.eng.br\/index.php?rest_route=\/wp\/v2\/pages"}],"about":[{"href":"https:\/\/mundoambiente.eng.br\/index.php?rest_route=\/wp\/v2\/types\/page"}],"author":[{"embeddable":true,"href":"https:\/\/mundoambiente.eng.br\/index.php?rest_route=\/wp\/v2\/users\/1"}],"replies":[{"embeddable":true,"href":"https:\/\/mundoambiente.eng.br\/index.php?rest_route=%2Fwp%2Fv2%2Fcomments&post=24254"}],"version-history":[{"count":126,"href":"https:\/\/mundoambiente.eng.br\/index.php?rest_route=\/wp\/v2\/pages\/24254\/revisions"}],"predecessor-version":[{"id":25035,"href":"https:\/\/mundoambiente.eng.br\/index.php?rest_route=\/wp\/v2\/pages\/24254\/revisions\/25035"}],"wp:attachment":[{"href":"https:\/\/mundoambiente.eng.br\/index.php?rest_route=%2Fwp%2Fv2%2Fmedia&parent=24254"}],"curies":[{"name":"wp","href":"https:\/\/api.w.org\/{rel}","templated":true}]}}